{"id":19667,"date":"2023-12-18T11:02:39","date_gmt":"2023-12-18T10:02:39","guid":{"rendered":"https:\/\/www.adformandum.org\/?page_id=19667"},"modified":"2023-12-18T11:17:09","modified_gmt":"2023-12-18T10:17:09","slug":"apprendistato-23","status":"publish","type":"page","link":"https:\/\/www.adformandum.org\/si\/apprendistato-23\/","title":{"rendered":"Apprendistato"},"content":{"rendered":"<p>[vc_row row_content_width=&#8221;grid&#8221; content_text_aligment=&#8221;center&#8221; simple_background_color=&#8221;#f7f7f7&#8243; css=&#8221;.vc_custom_1554289506369{margin-bottom: 50px !important;}&#8221;][vc_column offset=&#8221;vc_hidden-md vc_hidden-sm vc_hidden-xs&#8221;][vc_row_inner css=&#8221;.vc_custom_1554723760451{padding-top: 50px !important;padding-bottom: 50px !important;}&#8221; el_id=&#8221;box-numeri&#8221;][vc_column_inner width=&#8221;1\/4&#8243; css=&#8221;.vc_custom_1552908763509{padding-right: 10% !important;padding-bottom: 20px !important;padding-left: 10% !important;}&#8221;]<a itemprop=\"url\" href=\"#\" target=\"_self\" style=\"color: #ffffff;background-color: #e53113;font-size: 50px;font-weight: 700;padding: 10px 35px 10px 35px\" class=\"eltdf-btn eltdf-btn-large eltdf-btn-solid eltdf-btn-custom-hover-bg eltdf-btn-custom-hover-color\" data-hover-color=\"#ffffff\" data-hover-bg-color=\"#e53113\" >\n    <span class=\"eltdf-btn-text\">1<\/span>\n    <\/a>[vc_column_text]<\/p>\n<h5 style=\"text-align: center; color: #04344f; font-weight: 400;\">Dentro l&#8217;impresa<\/h5>\n<p>[\/vc_column_text][\/vc_column_inner][vc_column_inner width=&#8221;1\/4&#8243; css=&#8221;.vc_custom_1552908768508{padding-right: 10% !important;padding-bottom: 20px !important;padding-left: 10% !important;}&#8221;]<a itemprop=\"url\" href=\"#\" target=\"_self\" style=\"color: #ffffff;background-color: #e53113;font-size: 50px;font-weight: 700;padding: 10px 30px 10px 30px\" class=\"eltdf-btn eltdf-btn-large eltdf-btn-solid eltdf-btn-custom-hover-bg eltdf-btn-custom-hover-color\" data-hover-color=\"#ffffff\" data-hover-bg-color=\"#e53113\" >\n    <span class=\"eltdf-btn-text\">2<\/span>\n    <\/a>[vc_column_text]<\/p>\n<h5 style=\"text-align: center; color: #04344f; font-weight: 400;\">Crescita professionale<\/h5>\n<p>[\/vc_column_text][\/vc_column_inner][vc_column_inner width=&#8221;1\/4&#8243; css=&#8221;.vc_custom_1552908773540{padding-right: 10% !important;padding-bottom: 20px !important;padding-left: 10% !important;}&#8221;]<a itemprop=\"url\" href=\"#\" target=\"_self\" style=\"color: #ffffff;background-color: #e53113;font-size: 50px;font-weight: 700;padding: 10px 30px 10px 30px\" class=\"eltdf-btn eltdf-btn-large eltdf-btn-solid eltdf-btn-custom-hover-bg eltdf-btn-custom-hover-color\" data-hover-color=\"#ffffff\" data-hover-bg-color=\"#e53113\" >\n    <span class=\"eltdf-btn-text\">3<\/span>\n    <\/a>[vc_column_text]<\/p>\n<h5 style=\"text-align: center; color: #04344f; font-weight: 400;\">Risultati e retribuzione<\/h5>\n<p>[\/vc_column_text][\/vc_column_inner][vc_column_inner width=&#8221;1\/4&#8243; css=&#8221;.vc_custom_1552908779491{padding-right: 10% !important;padding-bottom: 20px !important;padding-left: 10% !important;}&#8221;]<a itemprop=\"url\" href=\"#\" target=\"_self\" style=\"color: #ffffff;background-color: #e53113;font-size: 50px;font-weight: 700;padding: 10px 30px 10px 30px\" class=\"eltdf-btn eltdf-btn-large eltdf-btn-solid eltdf-btn-custom-hover-bg eltdf-btn-custom-hover-color\" data-hover-color=\"#ffffff\" data-hover-bg-color=\"#e53113\" >\n    <span class=\"eltdf-btn-text\">4<\/span>\n    <\/a>[vc_column_text]<\/p>\n<h5 style=\"text-align: center; color: #04344f; font-weight: 400;\">Imparare facendo!<\/h5>\n<p>[\/vc_column_text][\/vc_column_inner][\/vc_row_inner][\/vc_column][\/vc_row][vc_row row_content_width=&#8221;grid&#8221; css=&#8221;.vc_custom_1554287985761{padding-top: 0px !important;padding-bottom: 100px !important;}&#8221;][vc_column offset=&#8221;vc_col-lg-6&#8243;][vc_column_text]<\/p>\n<h3>l&#8217;<span style=\"color: #e53012;\">apprendistato<\/span> \u00e8 uno strumento formativo e professionale eccezionale<\/h3>\n<p>[\/vc_column_text][vc_column_text]Il contratto di\u00a0<strong>APPRENDISTATO\u00a0<\/strong>\u00e8 uno strumento formativo e professionale eccezionale; grazie ad esso \u00e8 possibile immaginare di fondere insieme la formazione e il lavoro, puntando non solo sul risultato formale (una qualifica), bens\u00ec consente di acquisire un mestiere o sviluppare una professione da spendere domani non solo nell\u2019azienda in cui si \u00e8 maturata, ma eventualmente anche altrove.[\/vc_column_text][vc_column_text css=&#8221;.vc_custom_1553071020724{margin-bottom: 30px !important;}&#8221;]E\u2019 di fatto un contratto di lavoro e ne esistono di diverse tipologie, quelli che l\u2019AD FORMANDUM segue con attenzione sono:[\/vc_column_text]<div class=\"eltdf-icon-list-holder \" style=\"margin-bottom: 10px\">\n\t<div class=\"eltdf-il-icon-holder\">\n\t\t<span aria-hidden=\"true\" class=\"eltdf-icon-font-elegant arrow_right \" style=\"color: #e53012;font-size: 20px\"><\/span>\t<\/div>\n\t<p class=\"eltdf-il-text\" style=\"padding-left: 20px\">per la QUALIFICA e il DIPLOMA PROFESSIONALE, rivolto ai giovani tra i 15 e i 25 anni<\/p>\n<\/div><div class=\"eltdf-icon-list-holder \" style=\"margin-bottom: 15px\">\n\t<div class=\"eltdf-il-icon-holder\">\n\t\t<span aria-hidden=\"true\" class=\"eltdf-icon-font-elegant arrow_right \" style=\"color: #e53012;font-size: 20px\"><\/span>\t<\/div>\n\t<p class=\"eltdf-il-text\" style=\"padding-left: 20px\">l\u2019APPRENDISTATO PROFESSIONALIZZANTE, rivolto ai giovani tra i 15 ed i 25 anni<\/p>\n<\/div>[vc_empty_space height=&#8221;20px&#8221;]<a itemprop=\"url\" href=\"mailto:apprendistato@adformandum.org\" target=\"_self\" style=\"border-color: #e53012\" class=\"eltdf-btn eltdf-btn-medium eltdf-btn-outline eltdf-btn-custom-border-hover eltdf-btn-arrow\" data-hover-border-color=\"#0296d6\" >\n    <span class=\"eltdf-btn-text\">richiedi info<\/span>\n    <\/a>[vc_empty_space height=&#8221;30px&#8221;][\/vc_column][vc_column offset=&#8221;vc_col-lg-6&#8243;]<div class=\"eltdf-single-image-holder   \">\n    <div class=\"eltdf-si-inner\" >\n                                    <img loading=\"lazy\" decoding=\"async\" width=\"891\" height=\"681\" src=\"https:\/\/www.adformandum.org\/wp-content\/uploads\/2019\/04\/img-ragazza-apprendistato-logo.png\" class=\"attachment-full size-full\" alt=\"\" srcset=\"https:\/\/www.adformandum.org\/wp-content\/uploads\/2019\/04\/img-ragazza-apprendistato-logo.png 891w, https:\/\/www.adformandum.org\/wp-content\/uploads\/2019\/04\/img-ragazza-apprendistato-logo-300x229.png 300w, https:\/\/www.adformandum.org\/wp-content\/uploads\/2019\/04\/img-ragazza-apprendistato-logo-768x587.png 768w\" sizes=\"(max-width: 891px) 100vw, 891px\" \/>                        <\/div>\n<\/div>[\/vc_column][\/vc_row][vc_row row_content_width=&#8221;grid&#8221; disable_background_image=&#8221;1024&#8243; css=&#8221;.vc_custom_1554469009148{padding-top: 50px !important;padding-bottom: 100px !important;background-position: 0 0 !important;background-repeat: no-repeat !important;}&#8221; simple_background_color=&#8221;#f7f7f7&#8243; simple_background_image=&#8221;4201&#8243; background_image_position=&#8221;bottom&#8221;][vc_column offset=&#8221;vc_col-lg-12 vc_col-md-12&#8243;]<div class=\"eltdf-tabs  eltdf-tabs-vertical\">\n\t<ul class=\"eltdf-tabs-nav clearfix\">\n\t\t\t\t\t<li>\n\t\t\t\t\t\t\t\t\t<a href=\"#tab-per-i-giovani\">PER I GIOVANI<\/a>\n\t\t\t\t\t\t\t<\/li>\n\t\t\t\t\t<li>\n\t\t\t\t\t\t\t\t\t<a href=\"#tab-apprendistato-professionalizzante\">APPRENDISTATO PROFESSIONALIZZANTE<\/a>\n\t\t\t\t\t\t\t<\/li>\n\t\t\t<\/ul>\n\t<div class=\"eltdf-tab-container\" id=\"tab-per-i-giovani-404\">[vc_empty_space height=&#8221;20px&#8221;]<div class=\"eltdf-section-title-holder  eltdf-st-standard eltdf-st-title-left eltdf-st-normal-space \" >\n\t<div class=\"eltdf-st-inner\">\n\t\t\t\t\t<h3 class=\"eltdf-st-title\" >\n\t\t\t\tAPPRENDISTATO\t\t\t<\/h3>\n\t\t\t\t\t\t\t\t\t<h4 class=\"eltdf-st-text\" style=\"color: #e53012\">\n\t\t\t\tPer la qualifica e il diploma professionale\t\t\t<\/h4>\n\t\t\t<\/div>\n<\/div>[vc_empty_space height=&#8221;20px&#8221;][vc_column_text]L\u2019apprendistato per la qualifica e il diploma professionale \u00e8 rivolto ai giovani <strong>da 15 anni compiuti e fino al compimento del venticinquesimo anno di et\u00e0<\/strong>, attivabile in tutti i settori di attivit\u00e0.<\/p>\n<p>Ai giovani assunti con questa tipologia di contratto di apprendistato \u00e8 offerta la possibilit\u00e0 di conseguire un attestato regionale di qualifica professionale o un diploma professionale corrispondenti al Livello 3 e 4 EQF.<\/p>\n<p>La durata del contratto, non pu\u00f2 essere inferiore a sei mesi ed \u00e8 determinata in considerazione della qualifica o del diploma da conseguire e non pu\u00f2 in ogni caso essere superiore a tre anni (o a quattro anni nel caso di diploma professionale quadriennale).<\/p>\n<p>Prima di assumere qualcuno con il CONTRATTO DI APPRENDISTATO, suggeriamo di prendere visione del sito della Regione Friuli Venezia Giulia, di cui si fornisce un articolo, e di contattarci ai nostri uffici o via mail all\u2019indirizzo: <a href=\"mailto:apprendistato@adformandum.org\">apprendistato@adformandum.org<\/a>.[\/vc_column_text][vc_empty_space height=&#8221;20px&#8221;]<\/div><div class=\"eltdf-tab-container\" id=\"tab-apprendistato-professionalizzante-724\">[vc_empty_space height=&#8221;20px&#8221;]<div class=\"eltdf-section-title-holder  eltdf-st-standard eltdf-st-title-left eltdf-st-normal-space \" >\n\t<div class=\"eltdf-st-inner\">\n\t\t\t\t\t<h3 class=\"eltdf-st-title\" >\n\t\t\t\tAPPRENDISTATO\t\t\t<\/h3>\n\t\t\t\t\t\t\t\t\t<h4 class=\"eltdf-st-text\" style=\"color: #e53012\">\n\t\t\t\tcon formazione di tipo professionalizzante\t\t\t<\/h4>\n\t\t\t<\/div>\n<\/div>[vc_empty_space height=&#8221;20px&#8221;][vc_column_text]E\u2019 simile per conformazione a quella dei giovani, ma la sua realizzazione presenta forti differenze. La <strong>formazione di tipo professionalizzante<\/strong>, svolta sotto la responsabilit\u00e0 del datore di lavoro, \u00e8 integrata, nei limiti delle risorse annualmente disponibili, dalla offerta formativa pubblica, interna o esterna alla azienda, finalizzata alla acquisizione di competenze di base e trasversali per un monte complessivo non superiore a centoventi ore per la durata del triennio.<\/p>\n<p>La Regione autonoma Friuli Venezia Giulia provvede alla programmazione e all\u2019attuazione dell\u2019offerta formativa pubblica finalizzata all\u2019acquisizione delle competenze di base e trasversale, rivolta ad apprendisti assunti con contratto di apprendistato della durata di almeno 12 mesi.<\/p>\n<p>L\u2019offerta formativa pubblica in Regione Friuli Venezia Giulia prevede la realizzazione di percorsi formativi esterni all\u2019azienda articolati in moduli da 40 ore riferiti ai seguenti ambiti contenutistici:<\/p>\n<ul>\n<li>contrattualistica e organizzazione aziendale<\/li>\n<li>sicurezza e prevenzione infortuni<\/li>\n<li>comunicazione ed empowerment<\/li>\n<li>lingue straniere (inglese, tedesco, sloveno per i lavoratori italiani e italiano per i lavoratori immigrati)<\/li>\n<li>competenze digitali<\/li>\n<li>imprenditivit\u00e0 e imprenditorialit\u00e0<\/li>\n<\/ul>\n<p>I contenuti possono essere combinati in relazione alle diverse competenze previste in funzione delle esigenze dell\u2019impresa e dell\u2019apprendista.<\/p>\n<p>All\u2019inizio del percorso formativo viene garantita una fase di accoglienza finalizzata alla pianificazione e combinazione dei moduli.[\/vc_column_text][vc_empty_space height=&#8221;20px&#8221;]<\/div><\/div>[\/vc_column][\/vc_row][vc_row row_content_width=&#8221;grid&#8221; css=&#8221;.vc_custom_1552657554846{padding-top: 150px !important;padding-right: 8% !important;padding-bottom: 150px !important;padding-left: 8% !important;}&#8221; parallax_background_image=&#8221;176&#8243;][vc_column]<div class=\"eltdf-elements-holder   eltdf-two-columns  eltdf-responsive-mode-1024   \" ><div class=\"eltdf-eh-item     \" style=\"background-color: #0296d6\" data-item-class=\"eltdf-eh-custom-4188\" data-1367-1600=\"24% 12% 27.4% 20%\" data-1025-1366=\"20% 60px 25% 50px\" data-769-1024=\"25px 70px 25px 75px\" data-681-768=\"25px 70px 25px 75px\" data-680=\"30px 11px 30px 22px\">\n\t<div class=\"eltdf-eh-item-inner\">\n\t\t<div class=\"eltdf-eh-item-content eltdf-eh-custom-4188\" style=\"padding: 24% 24% 27.4% 12%\">\n\t\t\t[vc_column_text]<\/p>\n<h2><span style=\"color: #ffffff;\">Approfondisci con gli allegati e le nostre guide<br \/>\n<\/span><\/h2>\n<p>[\/vc_column_text]\t\t<\/div>\n\t<\/div>\n<\/div><div class=\"eltdf-eh-item     \" style=\"background-color: #ffffff\" data-item-class=\"eltdf-eh-custom-5416\" data-1025-1366=\"2px 30px 0\" data-769-1024=\"25px 70px 25px 75px\" data-681-768=\"25px 70px 25px 75px\" data-680=\"30px 20px 30px 20px\">\n\t<div class=\"eltdf-eh-item-inner\">\n\t\t<div class=\"eltdf-eh-item-content eltdf-eh-custom-5416\" style=\"padding: 5px 40px 0 45px\">\n\t\t\t<a itemprop=\"url\" href=\"\/adf\/wp-content\/uploads\/2019\/03\/Apprendistato.zip\" target=\"_self\"  class=\"eltdf-btn eltdf-btn-medium eltdf-btn-simple eltdf-btn-icon eltdf-btn-arrow\"  >\n    <span class=\"eltdf-btn-text\">Sintesi della Regione FVG<\/span>\n    <span aria-hidden=\"true\" class=\"eltdf-icon-linear-icons lnr lnr-arrow-right \" ><\/span><\/a>[vc_empty_space height=&#8221;10px&#8221;]<a itemprop=\"url\" href=\"\/adf\/wp-content\/uploads\/2019\/03\/Decreto_Interministeriale_12_ottobre_2015.pdf\" target=\"_blank\"  class=\"eltdf-btn eltdf-btn-medium eltdf-btn-simple eltdf-btn-icon eltdf-btn-arrow\"  >\n    <span class=\"eltdf-btn-text\">Decr. intermin. 12 ottobre 2015<\/span>\n    <span aria-hidden=\"true\" class=\"eltdf-icon-linear-icons lnr lnr-arrow-right \" ><\/span><\/a>[vc_empty_space height=&#8221;10px&#8221;]<a itemprop=\"url\" href=\"\/adf\/wp-content\/uploads\/2019\/03\/Allegato_1_alla_Delibera_598-2016.pdf\" target=\"_blank\"  class=\"eltdf-btn eltdf-btn-medium eltdf-btn-simple eltdf-btn-icon eltdf-btn-arrow\"  >\n    <span class=\"eltdf-btn-text\">Linea guida percorsi formativi<\/span>\n    <span aria-hidden=\"true\" class=\"eltdf-icon-linear-icons lnr lnr-arrow-right \" ><\/span><\/a>\t\t<\/div>\n\t<\/div>\n<\/div><\/div>[\/vc_column][\/vc_row]<\/p>\n","protected":false},"excerpt":{"rendered":"<p>[vc_row row_content_width=&#8221;grid&#8221; content_text_aligment=&#8221;center&#8221; simple_background_color=&#8221;#f7f7f7&#8243; css=&#8221;.vc_custom_1554289506369{margin-bottom: 50px !important;}&#8221;][vc_column offset=&#8221;vc_hidden-md vc_hidden-sm vc_hidden-xs&#8221;][vc_row_inner css=&#8221;.vc_custom_1554723760451{padding-top: 50px !important;padding-bottom: 50px !important;}&#8221; el_id=&#8221;box-numeri&#8221;][vc_column_inner width=&#8221;1\/4&#8243; css=&#8221;.vc_custom_1552908763509{padding-right: 10% !important;padding-bottom: 20px !important;padding-left: 10% !important;}&#8221;][vc_column_text] Dentro l&#8217;impresa [\/vc_column_text][\/vc_column_inner][vc_column_inner width=&#8221;1\/4&#8243; css=&#8221;.vc_custom_1552908768508{padding-right: 10% !important;padding-bottom: 20px !important;padding-left: 10% !important;}&#8221;][vc_column_text] Crescita professionale [\/vc_column_text][\/vc_column_inner][vc_column_inner width=&#8221;1\/4&#8243; css=&#8221;.vc_custom_1552908773540{padding-right: 10% !important;padding-bottom: 20px !important;padding-left: 10% !important;}&#8221;][vc_column_text] Risultati e retribuzione [\/vc_column_text][\/vc_column_inner][vc_column_inner width=&#8221;1\/4&#8243; css=&#8221;.vc_custom_1552908779491{padding-right: 10% !important;padding-bottom: 20px !important;padding-left: [&hellip;]<\/p>\n","protected":false},"author":4,"featured_media":0,"parent":0,"menu_order":0,"comment_status":"closed","ping_status":"closed","template":"full-width.php","meta":{"_mi_skip_tracking":false,"_monsterinsights_sitenote_active":false,"_monsterinsights_sitenote_note":"","_monsterinsights_sitenote_category":0,"footnotes":""},"yoast_head":"<!-- This site is optimized with the Yoast SEO plugin v21.5 - https:\/\/yoast.com\/wordpress\/plugins\/seo\/ -->\n<title>Apprendistato - AD Formandum<\/title>\n<meta name=\"robots\" content=\"index, follow, max-snippet:-1, max-image-preview:large, max-video-preview:-1\" \/>\n<link rel=\"canonical\" href=\"https:\/\/www.adformandum.org\/apprendistato-23\/\" \/>\n<meta property=\"og:locale\" content=\"sl_SI\" \/>\n<meta property=\"og:type\" content=\"article\" \/>\n<meta property=\"og:title\" content=\"Apprendistato - AD Formandum\" \/>\n<meta property=\"og:description\" content=\"[vc_row row_content_width=&#8221;grid&#8221; content_text_aligment=&#8221;center&#8221; simple_background_color=&#8221;#f7f7f7&#8243; css=&#8221;.vc_custom_1554289506369{margin-bottom: 50px !important;}&#8221;][vc_column offset=&#8221;vc_hidden-md vc_hidden-sm vc_hidden-xs&#8221;][vc_row_inner css=&#8221;.vc_custom_1554723760451{padding-top: 50px !important;padding-bottom: 50px !important;}&#8221; el_id=&#8221;box-numeri&#8221;][vc_column_inner width=&#8221;1\/4&#8243; css=&#8221;.vc_custom_1552908763509{padding-right: 10% !important;padding-bottom: 20px !important;padding-left: 10% !important;}&#8221;][vc_column_text] Dentro l&#8217;impresa [\/vc_column_text][\/vc_column_inner][vc_column_inner width=&#8221;1\/4&#8243; css=&#8221;.vc_custom_1552908768508{padding-right: 10% !important;padding-bottom: 20px !important;padding-left: 10% !important;}&#8221;][vc_column_text] Crescita professionale [\/vc_column_text][\/vc_column_inner][vc_column_inner width=&#8221;1\/4&#8243; css=&#8221;.vc_custom_1552908773540{padding-right: 10% !important;padding-bottom: 20px !important;padding-left: 10% !important;}&#8221;][vc_column_text] Risultati e retribuzione [\/vc_column_text][\/vc_column_inner][vc_column_inner width=&#8221;1\/4&#8243; css=&#8221;.vc_custom_1552908779491{padding-right: 10% !important;padding-bottom: 20px !important;padding-left: [&hellip;]\" \/>\n<meta property=\"og:url\" content=\"https:\/\/www.adformandum.org\/apprendistato-23\/\" \/>\n<meta property=\"og:site_name\" content=\"AD Formandum\" \/>\n<meta property=\"article:publisher\" content=\"https:\/\/www.facebook.com\/adformandum\/\" \/>\n<meta property=\"article:modified_time\" content=\"2023-12-18T10:17:09+00:00\" \/>\n<meta name=\"twitter:card\" content=\"summary_large_image\" \/>\n<meta name=\"twitter:site\" content=\"@AdFormandum\" \/>\n<meta name=\"twitter:label1\" content=\"Est. reading time\" \/>\n\t<meta name=\"twitter:data1\" content=\"5 minut\" \/>\n<script type=\"application\/ld+json\" class=\"yoast-schema-graph\">{\"@context\":\"https:\/\/schema.org\",\"@graph\":[{\"@type\":\"WebPage\",\"@id\":\"https:\/\/www.adformandum.org\/apprendistato-23\/\",\"url\":\"https:\/\/www.adformandum.org\/apprendistato-23\/\",\"name\":\"Apprendistato - AD Formandum\",\"isPartOf\":{\"@id\":\"https:\/\/www.adformandum.org\/#website\"},\"datePublished\":\"2023-12-18T10:02:39+00:00\",\"dateModified\":\"2023-12-18T10:17:09+00:00\",\"breadcrumb\":{\"@id\":\"https:\/\/www.adformandum.org\/apprendistato-23\/#breadcrumb\"},\"inLanguage\":\"sl-SI\",\"potentialAction\":[{\"@type\":\"ReadAction\",\"target\":[\"https:\/\/www.adformandum.org\/apprendistato-23\/\"]}]},{\"@type\":\"BreadcrumbList\",\"@id\":\"https:\/\/www.adformandum.org\/apprendistato-23\/#breadcrumb\",\"itemListElement\":[{\"@type\":\"ListItem\",\"position\":1,\"name\":\"Home\",\"item\":\"https:\/\/www.adformandum.org\/\"},{\"@type\":\"ListItem\",\"position\":2,\"name\":\"Apprendistato\"}]},{\"@type\":\"WebSite\",\"@id\":\"https:\/\/www.adformandum.org\/#website\",\"url\":\"https:\/\/www.adformandum.org\/\",\"name\":\"AD Formandum\",\"description\":\"impresa sociale - socialno podjetje\",\"publisher\":{\"@id\":\"https:\/\/www.adformandum.org\/#organization\"},\"potentialAction\":[{\"@type\":\"SearchAction\",\"target\":{\"@type\":\"EntryPoint\",\"urlTemplate\":\"https:\/\/www.adformandum.org\/?s={search_term_string}\"},\"query-input\":\"required name=search_term_string\"}],\"inLanguage\":\"sl-SI\"},{\"@type\":\"Organization\",\"@id\":\"https:\/\/www.adformandum.org\/#organization\",\"name\":\"AD Formandum\",\"url\":\"https:\/\/www.adformandum.org\/\",\"logo\":{\"@type\":\"ImageObject\",\"inLanguage\":\"sl-SI\",\"@id\":\"https:\/\/www.adformandum.org\/#\/schema\/logo\/image\/\",\"url\":\"https:\/\/www.adformandum.org\/wp-content\/uploads\/2019\/06\/logo-new.png\",\"contentUrl\":\"https:\/\/www.adformandum.org\/wp-content\/uploads\/2019\/06\/logo-new.png\",\"width\":330,\"height\":65,\"caption\":\"AD Formandum\"},\"image\":{\"@id\":\"https:\/\/www.adformandum.org\/#\/schema\/logo\/image\/\"},\"sameAs\":[\"https:\/\/www.facebook.com\/adformandum\/\",\"https:\/\/twitter.com\/AdFormandum\",\"https:\/\/www.linkedin.com\/company\/ad-formandum\"]}]}<\/script>\n<!-- \/ Yoast SEO plugin. -->","yoast_head_json":{"title":"Apprendistato - AD Formandum","robots":{"index":"index","follow":"follow","max-snippet":"max-snippet:-1","max-image-preview":"max-image-preview:large","max-video-preview":"max-video-preview:-1"},"canonical":"https:\/\/www.adformandum.org\/apprendistato-23\/","og_locale":"sl_SI","og_type":"article","og_title":"Apprendistato - AD Formandum","og_description":"[vc_row row_content_width=&#8221;grid&#8221; content_text_aligment=&#8221;center&#8221; simple_background_color=&#8221;#f7f7f7&#8243; css=&#8221;.vc_custom_1554289506369{margin-bottom: 50px !important;}&#8221;][vc_column offset=&#8221;vc_hidden-md vc_hidden-sm vc_hidden-xs&#8221;][vc_row_inner css=&#8221;.vc_custom_1554723760451{padding-top: 50px !important;padding-bottom: 50px !important;}&#8221; el_id=&#8221;box-numeri&#8221;][vc_column_inner width=&#8221;1\/4&#8243; css=&#8221;.vc_custom_1552908763509{padding-right: 10% !important;padding-bottom: 20px !important;padding-left: 10% !important;}&#8221;][vc_column_text] Dentro l&#8217;impresa [\/vc_column_text][\/vc_column_inner][vc_column_inner width=&#8221;1\/4&#8243; css=&#8221;.vc_custom_1552908768508{padding-right: 10% !important;padding-bottom: 20px !important;padding-left: 10% !important;}&#8221;][vc_column_text] Crescita professionale [\/vc_column_text][\/vc_column_inner][vc_column_inner width=&#8221;1\/4&#8243; css=&#8221;.vc_custom_1552908773540{padding-right: 10% !important;padding-bottom: 20px !important;padding-left: 10% !important;}&#8221;][vc_column_text] Risultati e retribuzione [\/vc_column_text][\/vc_column_inner][vc_column_inner width=&#8221;1\/4&#8243; css=&#8221;.vc_custom_1552908779491{padding-right: 10% !important;padding-bottom: 20px !important;padding-left: [&hellip;]","og_url":"https:\/\/www.adformandum.org\/apprendistato-23\/","og_site_name":"AD Formandum","article_publisher":"https:\/\/www.facebook.com\/adformandum\/","article_modified_time":"2023-12-18T10:17:09+00:00","twitter_card":"summary_large_image","twitter_site":"@AdFormandum","twitter_misc":{"Est. reading time":"5 minut"},"schema":{"@context":"https:\/\/schema.org","@graph":[{"@type":"WebPage","@id":"https:\/\/www.adformandum.org\/apprendistato-23\/","url":"https:\/\/www.adformandum.org\/apprendistato-23\/","name":"Apprendistato - AD Formandum","isPartOf":{"@id":"https:\/\/www.adformandum.org\/#website"},"datePublished":"2023-12-18T10:02:39+00:00","dateModified":"2023-12-18T10:17:09+00:00","breadcrumb":{"@id":"https:\/\/www.adformandum.org\/apprendistato-23\/#breadcrumb"},"inLanguage":"sl-SI","potentialAction":[{"@type":"ReadAction","target":["https:\/\/www.adformandum.org\/apprendistato-23\/"]}]},{"@type":"BreadcrumbList","@id":"https:\/\/www.adformandum.org\/apprendistato-23\/#breadcrumb","itemListElement":[{"@type":"ListItem","position":1,"name":"Home","item":"https:\/\/www.adformandum.org\/"},{"@type":"ListItem","position":2,"name":"Apprendistato"}]},{"@type":"WebSite","@id":"https:\/\/www.adformandum.org\/#website","url":"https:\/\/www.adformandum.org\/","name":"AD Formandum","description":"impresa sociale - socialno podjetje","publisher":{"@id":"https:\/\/www.adformandum.org\/#organization"},"potentialAction":[{"@type":"SearchAction","target":{"@type":"EntryPoint","urlTemplate":"https:\/\/www.adformandum.org\/?s={search_term_string}"},"query-input":"required name=search_term_string"}],"inLanguage":"sl-SI"},{"@type":"Organization","@id":"https:\/\/www.adformandum.org\/#organization","name":"AD Formandum","url":"https:\/\/www.adformandum.org\/","logo":{"@type":"ImageObject","inLanguage":"sl-SI","@id":"https:\/\/www.adformandum.org\/#\/schema\/logo\/image\/","url":"https:\/\/www.adformandum.org\/wp-content\/uploads\/2019\/06\/logo-new.png","contentUrl":"https:\/\/www.adformandum.org\/wp-content\/uploads\/2019\/06\/logo-new.png","width":330,"height":65,"caption":"AD Formandum"},"image":{"@id":"https:\/\/www.adformandum.org\/#\/schema\/logo\/image\/"},"sameAs":["https:\/\/www.facebook.com\/adformandum\/","https:\/\/twitter.com\/AdFormandum","https:\/\/www.linkedin.com\/company\/ad-formandum"]}]}},"_links":{"self":[{"href":"https:\/\/www.adformandum.org\/si\/wp-json\/wp\/v2\/pages\/19667"}],"collection":[{"href":"https:\/\/www.adformandum.org\/si\/wp-json\/wp\/v2\/pages"}],"about":[{"href":"https:\/\/www.adformandum.org\/si\/wp-json\/wp\/v2\/types\/page"}],"author":[{"embeddable":true,"href":"https:\/\/www.adformandum.org\/si\/wp-json\/wp\/v2\/users\/4"}],"replies":[{"embeddable":true,"href":"https:\/\/www.adformandum.org\/si\/wp-json\/wp\/v2\/comments?post=19667"}],"version-history":[{"count":12,"href":"https:\/\/www.adformandum.org\/si\/wp-json\/wp\/v2\/pages\/19667\/revisions"}],"predecessor-version":[{"id":19683,"href":"https:\/\/www.adformandum.org\/si\/wp-json\/wp\/v2\/pages\/19667\/revisions\/19683"}],"wp:attachment":[{"href":"https:\/\/www.adformandum.org\/si\/wp-json\/wp\/v2\/media?parent=19667"}],"curies":[{"name":"wp","href":"https:\/\/api.w.org\/{rel}","templated":true}]}}