{"id":5171,"date":"2019-06-27T10:01:13","date_gmt":"2019-06-27T08:01:13","guid":{"rendered":"http:\/\/php-5.4.30.vps24.moodem.it\/adf\/?page_id=5171"},"modified":"2019-07-18T09:07:07","modified_gmt":"2019-07-18T07:07:07","slug":"soci","status":"publish","type":"page","link":"https:\/\/www.adformandum.org\/si\/info\/soci\/","title":{"rendered":"Na\u0161i \u010dlani"},"content":{"rendered":"<p>[vc_row row_content_width=&#8221;grid&#8221; css=&#8221;.vc_custom_1561621688650{padding-top: 100px !important;padding-bottom: 50px !important;}&#8221;][vc_column width=&#8221;1\/2&#8243;][vc_single_image image=&#8221;5175&#8243; img_size=&#8221;full&#8221; onclick=&#8221;custom_link&#8221; img_link_target=&#8221;_blank&#8221; css_animation=&#8221;fadeInDown&#8221; link=&#8221;http:\/\/www.effepi.fvg.it&#8221;][vc_column_text]<\/p>\n<h4>SKLAD SARDO\u010c<\/h4>\n<p><strong>Sklad Dor\u010de Sardo\u010d<\/strong> je bil ustanovljen po volji pokojne gospe Ane Ursini \u2013 Sardo\u010d, da bi se z dobrodelnimi pobudami ohranil spomin na njenega mo\u017ea. Dr. Dor\u010de Sardo\u010d, zobozdravnik po poklicu, je bil velik slovenski domoljub, pokon\u010den narodnoobrambni delavec in upornik proti raznarodovanju, ki ga je uzakonila in dosledno izvajala fa\u0161isti\u010dna oblast. Dr. Sardo\u010d je bil soustanovitelj ilegalnega gibanja TIGR, ki je organiziralo antifa\u0161isti\u010dni upor na primorskem v obdobju med obema vojnama.<br \/>\nSklad je bil priznan kot dobrodelna ustanova in podeljuje \u0161tipendije manj premo\u017enim in zaslu\u017enim \u0161tudentom, ki pripadajo slovenski narodnostni skupnosti v Italiji.[\/vc_column_text][vc_empty_space height=&#8221;20px&#8221;][\/vc_column][vc_column width=&#8221;1\/2&#8243;][vc_single_image image=&#8221;5176&#8243; img_size=&#8221;full&#8221; onclick=&#8221;custom_link&#8221; img_link_target=&#8221;_blank&#8221; css_animation=&#8221;fadeInDown&#8221; link=&#8221;http:\/\/www.effepi.fvg.it&#8221;][vc_column_text]<\/p>\n<h4>ZADRUGA MAJA<\/h4>\n<p>15.oktobra 1992 je bila v Gorici ustanovljena kulturna <strong>zadruga Maja<\/strong>, ki je bila prva tovrstna pobuda med na\u0161o skupnostjo na Gori\u0161kem. Namen novoustanovljene zadruge je bil, da se tudi preko zadru\u017eni\u0161kega pristopa vklju\u010dimo v razvejan svet kulturnega delovanja, in da hkrati zagotovi lastnim \u010dlanom primerno profesionalnost, tako na podro\u010dju razvijanja kulturnih dejavnosti, kot tudi pri organiziranju in servisiranju vsestranskih potreb na podro\u010dju kulture. Ustanovnih \u010dlanov zadruge je bilo \u0161estnajst. S svojim rednim delovanjem je zadruga pri\u010dela v letu 1993, oziroma ko so bile izpeljane vse pravno-administrativne obveznosti v zvezi z ustanovitvijo. Istega leta se je tudi zadruga Maja vklju\u010dila v zvezo zadrug, Lega delle cooperative v Vidmu.[\/vc_column_text][vc_empty_space height=&#8221;20px&#8221;][\/vc_column][\/vc_row][vc_row row_content_width=&#8221;grid&#8221; css=&#8221;.vc_custom_1560154218965{padding-bottom: 50px !important;}&#8221;][vc_column width=&#8221;1\/2&#8243;][vc_single_image image=&#8221;5178&#8243; img_size=&#8221;full&#8221; onclick=&#8221;custom_link&#8221; img_link_target=&#8221;_blank&#8221; css_animation=&#8221;fadeInDown&#8221; link=&#8221;http:\/\/www.effepi.fvg.it&#8221;][vc_column_text]<\/p>\n<h4>SDGZ &#8211; URES<\/h4>\n<p><strong>SDGZ<\/strong>-Slovensko de\u017eelno gospodarsko zdru\u017eenje od leta 1946 povezuje in zastopa slovenske podjetnike in samostojne poklice v Italiji. SDGZ si \u017ee ve\u010d kot sedemdeset let prizadeva za razvoj in promocijo krajevnega gospodarstva in za za\u0161\u010dito interesov v\u010dlanjenih podjetij razli\u010dnih sektorjev s posredovanjem zahtev podjetni\u0161tva pri vseh pristojnih organih. Organizacija je strukturirana v pet stanovskih sekcij: obrt, gostinstvo in turizem, trgovina na drobno, mednarodna trgovina in storitve, samostojni poklici, ki sledijo problematikam posameznih resorjev. SDGZ, preko svojih storitvenih podjetij Servis in Servis Koper, nudi tudi vse storitve, ki jih podjetje potrebuje, od ustanovitve, do vodenja in administracije ter svetovanja na dav\u010dnem, delovnopravnem in pravnem podro\u010dju, tudi preko sodelovanja z usposobljenimi strokovnjaki. Zdru\u017eenje je tudi \u017ee vrsto let aktivno v projektih \u010dezmejnega sodelovanja na podro\u010dju podjetni\u0161tva, kjer si prizadeva za premo\u0161\u010danje administrativnih ovir pri delovanju podjetij na \u010dezmejnem obmo\u010dju med Italijo in Slovenijo ter za skupno promocijo in razvoj obmo\u010dja.[\/vc_column_text][vc_empty_space height=&#8221;20px&#8221;][\/vc_column][vc_column width=&#8221;1\/2&#8243;][vc_single_image image=&#8221;5177&#8243; img_size=&#8221;full&#8221; onclick=&#8221;custom_link&#8221; img_link_target=&#8221;_blank&#8221; css_animation=&#8221;fadeInDown&#8221; link=&#8221;http:\/\/www.apprendisti.fvg.it&#8221;][vc_column_text]<\/p>\n<h4>SLOVIK<\/h4>\n<p><strong>Slovenski izobra\u017eevalni konzorcij &#8211; Slov.I.K<\/strong>. je zdru\u017eenje podjetij, izobra\u017eevalnih ustanov in drugih javnih in zasebnih organizacij. Ustanovljen je bil leta 2005. S svojo dejavnostjo \u017eeli prispevati k zagotavljanju ustreznih \u010dlove\u0161kih virov, storitev in orodij za pospe\u0161en gospodarski in kulturni razvoj \u0161ir\u0161ega dru\u017ebenega prostora ob slovensko-italijanski meji.<br \/>\nSlov.I.K. prireja izobra\u017eevalne programe za dijake, \u0161tudente, zaposlene, samostojne podjetnike, za manj\u0161a in ve\u010dja podjetja ter za nepridobitne organizacije. Nekateri programi so namenjeni \u0161ir\u0161i javnosti.Cilj izobra\u017eevalnih programov je razvoj mladih kadrov ter spodbujanje vse\u017eivljenjskega izobra\u017eevanja in raziskovalnega dela na gospodarskem, upravnem in organizacijskem podro\u010dju.[\/vc_column_text][vc_empty_space height=&#8221;20px&#8221;][\/vc_column][\/vc_row]<\/p>\n","protected":false},"excerpt":{"rendered":"<p>[vc_row row_content_width=&#8221;grid&#8221; css=&#8221;.vc_custom_1561621688650{padding-top: 100px !important;padding-bottom: 50px !important;}&#8221;][vc_column width=&#8221;1\/2&#8243;][vc_single_image image=&#8221;5175&#8243; img_size=&#8221;full&#8221; onclick=&#8221;custom_link&#8221; img_link_target=&#8221;_blank&#8221; css_animation=&#8221;fadeInDown&#8221; link=&#8221;http:\/\/www.effepi.fvg.it&#8221;][vc_column_text] SKLAD SARDO\u010c Sklad Dor\u010de Sardo\u010d je bil ustanovljen po volji pokojne gospe Ane Ursini \u2013 Sardo\u010d, da bi se z dobrodelnimi pobudami ohranil spomin na njenega mo\u017ea. Dr. Dor\u010de Sardo\u010d, zobozdravnik po poklicu, je bil velik slovenski domoljub, pokon\u010den narodnoobrambni delavec in [&hellip;]<\/p>\n","protected":false},"author":1,"featured_media":0,"parent":4366,"menu_order":0,"comment_status":"closed","ping_status":"closed","template":"full-width.php","meta":{"_mi_skip_tracking":false,"_monsterinsights_sitenote_active":false,"_monsterinsights_sitenote_note":"","_monsterinsights_sitenote_category":0,"footnotes":""},"yoast_head":"<!-- This site is optimized with the Yoast SEO plugin v21.5 - https:\/\/yoast.com\/wordpress\/plugins\/seo\/ -->\n<title>Na\u0161i \u010dlani - AD Formandum<\/title>\n<meta name=\"robots\" content=\"index, follow, max-snippet:-1, max-image-preview:large, max-video-preview:-1\" \/>\n<link rel=\"canonical\" href=\"https:\/\/www.adformandum.org\/info\/soci\/\" \/>\n<meta property=\"og:locale\" content=\"sl_SI\" \/>\n<meta property=\"og:type\" content=\"article\" \/>\n<meta property=\"og:title\" content=\"Na\u0161i \u010dlani - AD Formandum\" \/>\n<meta property=\"og:description\" content=\"[vc_row row_content_width=&#8221;grid&#8221; css=&#8221;.vc_custom_1561621688650{padding-top: 100px !important;padding-bottom: 50px !important;}&#8221;][vc_column width=&#8221;1\/2&#8243;][vc_single_image image=&#8221;5175&#8243; img_size=&#8221;full&#8221; onclick=&#8221;custom_link&#8221; img_link_target=&#8221;_blank&#8221; css_animation=&#8221;fadeInDown&#8221; link=&#8221;http:\/\/www.effepi.fvg.it&#8221;][vc_column_text] SKLAD SARDO\u010c Sklad Dor\u010de Sardo\u010d je bil ustanovljen po volji pokojne gospe Ane Ursini \u2013 Sardo\u010d, da bi se z dobrodelnimi pobudami ohranil spomin na njenega mo\u017ea. Dr. Dor\u010de Sardo\u010d, zobozdravnik po poklicu, je bil velik slovenski domoljub, pokon\u010den narodnoobrambni delavec in [&hellip;]\" \/>\n<meta property=\"og:url\" content=\"https:\/\/www.adformandum.org\/info\/soci\/\" \/>\n<meta property=\"og:site_name\" content=\"AD Formandum\" \/>\n<meta property=\"article:publisher\" content=\"https:\/\/www.facebook.com\/adformandum\/\" \/>\n<meta property=\"article:modified_time\" content=\"2019-07-18T07:07:07+00:00\" \/>\n<meta name=\"twitter:card\" content=\"summary_large_image\" \/>\n<meta name=\"twitter:site\" content=\"@AdFormandum\" \/>\n<meta name=\"twitter:label1\" content=\"Est. reading time\" \/>\n\t<meta name=\"twitter:data1\" content=\"3 minute\" \/>\n<script type=\"application\/ld+json\" class=\"yoast-schema-graph\">{\"@context\":\"https:\/\/schema.org\",\"@graph\":[{\"@type\":\"WebPage\",\"@id\":\"https:\/\/www.adformandum.org\/info\/soci\/\",\"url\":\"https:\/\/www.adformandum.org\/info\/soci\/\",\"name\":\"Na\u0161i \u010dlani - AD Formandum\",\"isPartOf\":{\"@id\":\"https:\/\/www.adformandum.org\/#website\"},\"datePublished\":\"2019-06-27T08:01:13+00:00\",\"dateModified\":\"2019-07-18T07:07:07+00:00\",\"breadcrumb\":{\"@id\":\"https:\/\/www.adformandum.org\/info\/soci\/#breadcrumb\"},\"inLanguage\":\"sl-SI\",\"potentialAction\":[{\"@type\":\"ReadAction\",\"target\":[\"https:\/\/www.adformandum.org\/info\/soci\/\"]}]},{\"@type\":\"BreadcrumbList\",\"@id\":\"https:\/\/www.adformandum.org\/info\/soci\/#breadcrumb\",\"itemListElement\":[{\"@type\":\"ListItem\",\"position\":1,\"name\":\"Home\",\"item\":\"https:\/\/www.adformandum.org\/\"},{\"@type\":\"ListItem\",\"position\":2,\"name\":\"Chi siamo\",\"item\":\"https:\/\/www.adformandum.org\/info\/\"},{\"@type\":\"ListItem\",\"position\":3,\"name\":\"I nostri soci\"}]},{\"@type\":\"WebSite\",\"@id\":\"https:\/\/www.adformandum.org\/#website\",\"url\":\"https:\/\/www.adformandum.org\/\",\"name\":\"AD Formandum\",\"description\":\"impresa sociale - socialno podjetje\",\"publisher\":{\"@id\":\"https:\/\/www.adformandum.org\/#organization\"},\"potentialAction\":[{\"@type\":\"SearchAction\",\"target\":{\"@type\":\"EntryPoint\",\"urlTemplate\":\"https:\/\/www.adformandum.org\/?s={search_term_string}\"},\"query-input\":\"required name=search_term_string\"}],\"inLanguage\":\"sl-SI\"},{\"@type\":\"Organization\",\"@id\":\"https:\/\/www.adformandum.org\/#organization\",\"name\":\"AD Formandum\",\"url\":\"https:\/\/www.adformandum.org\/\",\"logo\":{\"@type\":\"ImageObject\",\"inLanguage\":\"sl-SI\",\"@id\":\"https:\/\/www.adformandum.org\/#\/schema\/logo\/image\/\",\"url\":\"https:\/\/www.adformandum.org\/wp-content\/uploads\/2019\/06\/logo-new.png\",\"contentUrl\":\"https:\/\/www.adformandum.org\/wp-content\/uploads\/2019\/06\/logo-new.png\",\"width\":330,\"height\":65,\"caption\":\"AD Formandum\"},\"image\":{\"@id\":\"https:\/\/www.adformandum.org\/#\/schema\/logo\/image\/\"},\"sameAs\":[\"https:\/\/www.facebook.com\/adformandum\/\",\"https:\/\/twitter.com\/AdFormandum\",\"https:\/\/www.linkedin.com\/company\/ad-formandum\"]}]}<\/script>\n<!-- \/ Yoast SEO plugin. -->","yoast_head_json":{"title":"Na\u0161i \u010dlani - AD Formandum","robots":{"index":"index","follow":"follow","max-snippet":"max-snippet:-1","max-image-preview":"max-image-preview:large","max-video-preview":"max-video-preview:-1"},"canonical":"https:\/\/www.adformandum.org\/info\/soci\/","og_locale":"sl_SI","og_type":"article","og_title":"Na\u0161i \u010dlani - AD Formandum","og_description":"[vc_row row_content_width=&#8221;grid&#8221; css=&#8221;.vc_custom_1561621688650{padding-top: 100px !important;padding-bottom: 50px !important;}&#8221;][vc_column width=&#8221;1\/2&#8243;][vc_single_image image=&#8221;5175&#8243; img_size=&#8221;full&#8221; onclick=&#8221;custom_link&#8221; img_link_target=&#8221;_blank&#8221; css_animation=&#8221;fadeInDown&#8221; link=&#8221;http:\/\/www.effepi.fvg.it&#8221;][vc_column_text] SKLAD SARDO\u010c Sklad Dor\u010de Sardo\u010d je bil ustanovljen po volji pokojne gospe Ane Ursini \u2013 Sardo\u010d, da bi se z dobrodelnimi pobudami ohranil spomin na njenega mo\u017ea. Dr. Dor\u010de Sardo\u010d, zobozdravnik po poklicu, je bil velik slovenski domoljub, pokon\u010den narodnoobrambni delavec in [&hellip;]","og_url":"https:\/\/www.adformandum.org\/info\/soci\/","og_site_name":"AD Formandum","article_publisher":"https:\/\/www.facebook.com\/adformandum\/","article_modified_time":"2019-07-18T07:07:07+00:00","twitter_card":"summary_large_image","twitter_site":"@AdFormandum","twitter_misc":{"Est. reading time":"3 minute"},"schema":{"@context":"https:\/\/schema.org","@graph":[{"@type":"WebPage","@id":"https:\/\/www.adformandum.org\/info\/soci\/","url":"https:\/\/www.adformandum.org\/info\/soci\/","name":"Na\u0161i \u010dlani - AD Formandum","isPartOf":{"@id":"https:\/\/www.adformandum.org\/#website"},"datePublished":"2019-06-27T08:01:13+00:00","dateModified":"2019-07-18T07:07:07+00:00","breadcrumb":{"@id":"https:\/\/www.adformandum.org\/info\/soci\/#breadcrumb"},"inLanguage":"sl-SI","potentialAction":[{"@type":"ReadAction","target":["https:\/\/www.adformandum.org\/info\/soci\/"]}]},{"@type":"BreadcrumbList","@id":"https:\/\/www.adformandum.org\/info\/soci\/#breadcrumb","itemListElement":[{"@type":"ListItem","position":1,"name":"Home","item":"https:\/\/www.adformandum.org\/"},{"@type":"ListItem","position":2,"name":"Chi siamo","item":"https:\/\/www.adformandum.org\/info\/"},{"@type":"ListItem","position":3,"name":"I nostri soci"}]},{"@type":"WebSite","@id":"https:\/\/www.adformandum.org\/#website","url":"https:\/\/www.adformandum.org\/","name":"AD Formandum","description":"impresa sociale - socialno podjetje","publisher":{"@id":"https:\/\/www.adformandum.org\/#organization"},"potentialAction":[{"@type":"SearchAction","target":{"@type":"EntryPoint","urlTemplate":"https:\/\/www.adformandum.org\/?s={search_term_string}"},"query-input":"required name=search_term_string"}],"inLanguage":"sl-SI"},{"@type":"Organization","@id":"https:\/\/www.adformandum.org\/#organization","name":"AD Formandum","url":"https:\/\/www.adformandum.org\/","logo":{"@type":"ImageObject","inLanguage":"sl-SI","@id":"https:\/\/www.adformandum.org\/#\/schema\/logo\/image\/","url":"https:\/\/www.adformandum.org\/wp-content\/uploads\/2019\/06\/logo-new.png","contentUrl":"https:\/\/www.adformandum.org\/wp-content\/uploads\/2019\/06\/logo-new.png","width":330,"height":65,"caption":"AD Formandum"},"image":{"@id":"https:\/\/www.adformandum.org\/#\/schema\/logo\/image\/"},"sameAs":["https:\/\/www.facebook.com\/adformandum\/","https:\/\/twitter.com\/AdFormandum","https:\/\/www.linkedin.com\/company\/ad-formandum"]}]}},"_links":{"self":[{"href":"https:\/\/www.adformandum.org\/si\/wp-json\/wp\/v2\/pages\/5171"}],"collection":[{"href":"https:\/\/www.adformandum.org\/si\/wp-json\/wp\/v2\/pages"}],"about":[{"href":"https:\/\/www.adformandum.org\/si\/wp-json\/wp\/v2\/types\/page"}],"author":[{"embeddable":true,"href":"https:\/\/www.adformandum.org\/si\/wp-json\/wp\/v2\/users\/1"}],"replies":[{"embeddable":true,"href":"https:\/\/www.adformandum.org\/si\/wp-json\/wp\/v2\/comments?post=5171"}],"version-history":[{"count":5,"href":"https:\/\/www.adformandum.org\/si\/wp-json\/wp\/v2\/pages\/5171\/revisions"}],"predecessor-version":[{"id":5433,"href":"https:\/\/www.adformandum.org\/si\/wp-json\/wp\/v2\/pages\/5171\/revisions\/5433"}],"up":[{"embeddable":true,"href":"https:\/\/www.adformandum.org\/si\/wp-json\/wp\/v2\/pages\/4366"}],"wp:attachment":[{"href":"https:\/\/www.adformandum.org\/si\/wp-json\/wp\/v2\/media?parent=5171"}],"curies":[{"name":"wp","href":"https:\/\/api.w.org\/{rel}","templated":true}]}}