{"id":5191,"date":"2019-06-27T11:53:00","date_gmt":"2019-06-27T09:53:00","guid":{"rendered":"http:\/\/php-5.4.30.vps24.moodem.it\/adf\/?page_id=5191"},"modified":"2025-10-27T15:03:49","modified_gmt":"2025-10-27T14:03:49","slug":"istruzione-e-formazione-professionale-iefp","status":"publish","type":"page","link":"https:\/\/www.adformandum.org\/si\/istruzione-e-formazione-professionale-iefp\/","title":{"rendered":"Gostinska \u0160ola"},"content":{"rendered":"<p>[vc_row row_content_width=&#8221;grid&#8221; content_text_aligment=&#8221;center&#8221; simple_background_color=&#8221;#f7f7f7&#8243; css=&#8221;.vc_custom_1554289506369{margin-bottom: 50px !important;}&#8221;][vc_column offset=&#8221;vc_hidden-md vc_hidden-sm vc_hidden-xs&#8221;][vc_row_inner css=&#8221;.vc_custom_1554723760451{padding-top: 50px !important;padding-bottom: 50px !important;}&#8221; el_id=&#8221;box-numeri&#8221;][vc_column_inner width=&#8221;1\/4&#8243; css=&#8221;.vc_custom_1552908763509{padding-right: 10% !important;padding-bottom: 20px !important;padding-left: 10% !important;}&#8221;]<a itemprop=\"url\" href=\"#\" target=\"_self\" style=\"color: #ffffff;background-color: #FF5A0A;font-size: 50px;font-weight: 700;padding: 10px 35px 10px 35px\" class=\"eltdf-btn eltdf-btn-large eltdf-btn-solid eltdf-btn-custom-hover-bg eltdf-btn-custom-hover-color\" data-hover-color=\"#ffffff\" data-hover-bg-color=\"#FF5A0A\" >\n    <span class=\"eltdf-btn-text\">1<\/span>\n    <\/a>[vc_column_text]<\/p>\n<h5 style=\"text-align: center; color: #016192; font-weight: 400;\">Priznan poklic<\/h5>\n<p>[\/vc_column_text][\/vc_column_inner][vc_column_inner width=&#8221;1\/4&#8243; css=&#8221;.vc_custom_1552908768508{padding-right: 10% !important;padding-bottom: 20px !important;padding-left: 10% !important;}&#8221;]<a itemprop=\"url\" href=\"#\" target=\"_self\" style=\"color: #ffffff;background-color: #FF5A0A;font-size: 50px;font-weight: 700;padding: 10px 30px 10px 30px\" class=\"eltdf-btn eltdf-btn-large eltdf-btn-solid eltdf-btn-custom-hover-bg eltdf-btn-custom-hover-color\" data-hover-color=\"#ffffff\" data-hover-bg-color=\"#FF5A0A\" >\n    <span class=\"eltdf-btn-text\">2<\/span>\n    <\/a>[vc_column_text]<\/p>\n<h5 style=\"text-align: center; color: #016192; font-weight: 400;\">Osebna rast<\/h5>\n<p>[\/vc_column_text][\/vc_column_inner][vc_column_inner width=&#8221;1\/4&#8243; css=&#8221;.vc_custom_1552908773540{padding-right: 10% !important;padding-bottom: 20px !important;padding-left: 10% !important;}&#8221;]<a itemprop=\"url\" href=\"#\" target=\"_self\" style=\"color: #ffffff;background-color: #FF5A0A;font-size: 50px;font-weight: 700;padding: 10px 30px 10px 30px\" class=\"eltdf-btn eltdf-btn-large eltdf-btn-solid eltdf-btn-custom-hover-bg eltdf-btn-custom-hover-color\" data-hover-color=\"#ffffff\" data-hover-bg-color=\"#FF5A0A\" >\n    <span class=\"eltdf-btn-text\">3<\/span>\n    <\/a>[vc_column_text]<\/p>\n<h5 style=\"text-align: center; color: #016192; font-weight: 400;\">Slu\u017eba, a tudi zabava<\/h5>\n<p>[\/vc_column_text][\/vc_column_inner][vc_column_inner width=&#8221;1\/4&#8243; css=&#8221;.vc_custom_1552908779491{padding-right: 10% !important;padding-bottom: 20px !important;padding-left: 10% !important;}&#8221;]<a itemprop=\"url\" href=\"#\" target=\"_self\" style=\"color: #ffffff;background-color: #FF5A0A;font-size: 50px;font-weight: 700;padding: 10px 30px 10px 30px\" class=\"eltdf-btn eltdf-btn-large eltdf-btn-solid eltdf-btn-custom-hover-bg eltdf-btn-custom-hover-color\" data-hover-color=\"#ffffff\" data-hover-bg-color=\"#FF5A0A\" >\n    <span class=\"eltdf-btn-text\">4<\/span>\n    <\/a>[vc_column_text]<\/p>\n<h5 style=\"text-align: center; color: #016192; font-weight: 400;\">Nau\u010di\u0161 se s prakso<\/h5>\n<p>[\/vc_column_text][\/vc_column_inner][\/vc_row_inner][\/vc_column][\/vc_row][vc_row row_content_width=&#8221;grid&#8221; css=&#8221;.vc_custom_1554287985761{padding-top: 0px !important;padding-bottom: 100px !important;}&#8221;][vc_column offset=&#8221;vc_col-lg-6&#8243;][vc_column_text]<\/p>\n<h3>Zato, da bo\u0161 <span style=\"color: #ff5a0a;\">protagonist<\/span> in bo\u0161 lahko odlo\u010dal o svoji prihodnosti<\/h3>\n<p>[\/vc_column_text][vc_column_text]<strong>Kuhar<\/strong>, <strong>natakar<\/strong>: po kon\u010dani ni\u017eji srednji \u0161oli vstopi na gostinsko \u0161olo. V Trstu in v Gorici je na voljo zate kakovostna izbira izobra\u017eevalnih programov \u2026 za vse okuse.<\/p>\n<p>Te\u010daji srednjega poklicnega izobra\u017eevanja in usposabljanja so namenjeni mladim, starim <strong>od 14. do 18. leta<\/strong>, ki po tretjem letu srednje \u0161ole \u017eelijo opraviti \u0161tudijski program, ki jih bo vodil k u\u010denju poklica in do hitrega vstopav svet dela.<\/p>\n<p>Izbira poklicnega usposabljanja je odli\u010dna odsko\u010dna deska za vstop v svet dela za tiste, ki se \u017eelijo uveljaviti tako v poklicu kot tudi na osebni ravni.<\/p>\n<p>K programu srednjega poklicnega izobra\u017eevanja in usposabljanja se lahko vklju\u010dijo tudi tisti, ki \u0161e niso kon\u010dali srednje \u0161ole, vendar so starej\u0161i od 14 let: posebni te\u010daji jim omogo\u010dajo pridobitev spri\u010devala ni\u017eje srednje \u0161ole v prvem letu poklicnega usposabljanja.[\/vc_column_text][vc_empty_space height=&#8221;10px&#8221;]<a itemprop=\"url\" href=\"https:\/\/www.adformandum.org\/wp-content\/uploads\/2023\/11\/a5_kuhar-SLO-LOW_23.pdf\" target=\"_blank\" style=\"margin: 0px 20px 0px 0px\" class=\"eltdf-btn eltdf-btn-medium eltdf-btn-simple eltdf-btn-icon eltdf-btn-arrow\"  >\n    <span class=\"eltdf-btn-text\">Kuhar<\/span>\n    <span aria-hidden=\"true\" class=\"eltdf-icon-linear-icons lnr lnr-arrow-right \" ><\/span><\/a><a itemprop=\"url\" href=\"https:\/\/www.adformandum.org\/wp-content\/uploads\/2023\/11\/a5_natakar-SLO-LOW_23.pdf\" target=\"_blank\" style=\"margin: 0px 20px 0px 0px\" class=\"eltdf-btn eltdf-btn-medium eltdf-btn-simple eltdf-btn-icon eltdf-btn-arrow\"  >\n    <span class=\"eltdf-btn-text\">Natakar<\/span>\n    <span aria-hidden=\"true\" class=\"eltdf-icon-linear-icons lnr lnr-arrow-right \" ><\/span><\/a><a itemprop=\"url\" href=\"https:\/\/www.adformandum.org\/wp-content\/uploads\/2023\/11\/a5_slascicar-SLO_23.pdf\" target=\"_blank\" style=\"margin: 0px 20px 0px 0px\" class=\"eltdf-btn eltdf-btn-medium eltdf-btn-simple eltdf-btn-icon eltdf-btn-arrow\"  >\n    <span class=\"eltdf-btn-text\">Sla\u0161\u010di\u010dar<\/span>\n    <span aria-hidden=\"true\" class=\"eltdf-icon-linear-icons lnr lnr-arrow-right \" ><\/span><\/a>[vc_empty_space height=&#8221;30px&#8221;][\/vc_column][vc_column offset=&#8221;vc_col-lg-6&#8243;]<div class=\"eltdf-single-image-holder   \">\n    <div class=\"eltdf-si-inner\" >\n                                    <img loading=\"lazy\" decoding=\"async\" width=\"800\" height=\"600\" src=\"https:\/\/www.adformandum.org\/wp-content\/uploads\/2019\/07\/img-alberghiera.jpg\" class=\"attachment-full size-full\" alt=\"\" srcset=\"https:\/\/www.adformandum.org\/wp-content\/uploads\/2019\/07\/img-alberghiera.jpg 800w, https:\/\/www.adformandum.org\/wp-content\/uploads\/2019\/07\/img-alberghiera-300x225.jpg 300w, https:\/\/www.adformandum.org\/wp-content\/uploads\/2019\/07\/img-alberghiera-768x576.jpg 768w\" sizes=\"(max-width: 800px) 100vw, 800px\" \/>                        <\/div>\n<\/div>[\/vc_column][\/vc_row][vc_row row_content_width=&#8221;grid&#8221; css=&#8221;.vc_custom_1761573558756{padding-top: 0px !important;padding-bottom: 100px !important;background-color: #f7f7f7 !important;}&#8221;][vc_column offset=&#8221;vc_col-lg-6&#8243;][vc_column_text]<\/p>\n<h3 style=\"text-align: center;\">OBI\u0160\u010cI NAS NA <span style=\"color: #ff5a0a;\">DNEVIH ODPRTIH VRAT<\/span>!<\/h3>\n<p>[\/vc_column_text][vc_empty_space height=&#8221;10px&#8221;][vc_column_text]<\/p>\n<p style=\"text-align: center;\"><strong>AD FORMANDUM \/\/ Gorica (Kri\u017ena ulica 3):<\/strong><\/p>\n<p style=\"text-align: center;\">sobota 08. 11. 2025<br \/>\npetek 12. 12. 2025<br \/>\nsobota 24. 01. 2026<\/p>\n<p style=\"text-align: center;\"><strong>od 14.30 do 18.00<\/strong><\/p>\n<p>[\/vc_column_text][vc_empty_space height=&#8221;20px&#8221;][vc_column_text]<\/p>\n<p style=\"text-align: center;\"><strong>AD FORMANDUM \/\/ Trst (ul. Ginnastica 72):<\/strong><\/p>\n<p style=\"text-align: center;\">petek 31. 10. 2025<br \/>\ntorek 16. 12. 2025<br \/>\nsreda 21. 01. 2026<br \/>\n\u010detrtek 12. 02. 2026<\/p>\n<p style=\"text-align: center;\"><strong>od 14.30 do 18.00<\/strong><\/p>\n<p>[\/vc_column_text][\/vc_column][vc_column offset=&#8221;vc_col-lg-6&#8243;]<div class=\"eltdf-course-slider-holder\"><div class=\"eltdf-course-list-holder eltdf-grid-list eltdf-disable-bottom-space clearfix eltdf-cl-gallery eltdf-two-columns eltdf-medium-space eltdf-cl-standard eltdf-cl-pag-no-pagination      eltdf-pag-below-slider\"  data-number-of-columns=two data-space-between-items=medium data-number-of-items=-1 data-enable-image=yes data-image-proportions=full data-category=scuola-alberghiera data-orderby=date data-order=ASC data-item-layout=standard data-enable-title=yes data-title-tag=h4 data-enable-instructor=no data-enable-price=yes data-enable-excerpt=yes data-excerpt-length=60 data-enable-students=no data-enable-category=no data-category-boxed=yes data-enable-ratings=yes data-pagination-type=no-pagination data-filter=no data-filter-order-by=name data-enable-article-animation=no data-course-slider-on=yes data-enable-loop=no data-enable-autoplay=yes data-slider-speed=5000 data-slider-speed-animation=600 data-enable-navigation=yes data-enable-pagination=yes data-pagination-position=below-slider data-widget=no data-filter-center=no data-max-num-pages=0 data-next-page=2>\n\t\t\t<div class=\"eltdf-cl-inner eltdf-outer-space eltdf-owl-slider eltdf-list-is-slider\">\n\t\t<article class=\"eltdf-cl-item eltdf-item-space post-5105 course type-course status-publish has-post-thumbnail hentry course-category-scuola-alberghiera\"  data-name=pek,-sla\u0161\u010di\u010dar-in-sladoledar data-date=>\n\t<div class=\"eltdf-cl-item-inner\">\n\t\t<div class=\"eltdf-cli-image\">\n\t\t\t<img loading=\"lazy\" decoding=\"async\" width=\"1000\" height=\"696\" src=\"https:\/\/www.adformandum.org\/wp-content\/uploads\/2019\/06\/corso-pasticceria.jpg\" class=\"attachment-full size-full wp-post-image\" alt=\"\" srcset=\"https:\/\/www.adformandum.org\/wp-content\/uploads\/2019\/06\/corso-pasticceria.jpg 1000w, https:\/\/www.adformandum.org\/wp-content\/uploads\/2019\/06\/corso-pasticceria-300x209.jpg 300w, https:\/\/www.adformandum.org\/wp-content\/uploads\/2019\/06\/corso-pasticceria-768x535.jpg 768w\" sizes=\"(max-width: 1000px) 100vw, 1000px\" \/>\t    <\/div>\n<div class=\"eltdf-cli-text-holder\">\n\t<div class=\"eltdf-cli-text-wrapper\">\n\t\t<div class=\"eltdf-cli-text\">\n\t\t\t<div class=\"eltdf-cli-top-info\">\n\t\t\t\t\t<h4 itemprop=\"name\" class=\"eltdf-cli-title entry-title\" >\n\t<a itemprop=\"url\" href=\"https:\/\/www.adformandum.org\/si\/corsi\/operatore-pasticceria-panetteria-gelateria\/\" target=\"_self\">\n\t\tPek, sla\u0161\u010di\u010dar in sladoledar\t<\/a>\n\t<\/h4>\n\t\t\t\t\n\t\t\t\t\t\t\t\n\t\t\t<\/div>\n\t\t\t\t<p itemprop=\"description\" class=\"eltdf-cli-excerpt\">Peka kruha, priprava slanega in sladkega peciva, priprava to<\/p>\n\t\t\t<div class=\"eltdf-cli-bottom-info\">\n\t\t\t\t\n                <div class=\"eltdf-course-ratings\">\n\t<span class=\"icon dripicons-star\"><\/span>\n\t<span class=\"eltdf-course-rating-label\">\n\t\t0\t\tRatings\t<\/span>\n<\/div>\t\t\t\t\n\t\t\t\t\n                <div class=\"eltdf-ci-price-holder\">\n\t\t\t<span class=\"eltdf-ci-price-free\">\n        Brezpla\u010dno      <\/span>\n\t<\/div>\n\t\t\t<\/div>\n\t\t<\/div>\n\t<\/div>\n<\/div>\t\t<a itemprop=\"url\" class=\"eltdf-cli-link eltdf-block-drag-link\" href=\"https:\/\/www.adformandum.org\/si\/corsi\/operatore-pasticceria-panetteria-gelateria\/\"><\/a>\n\t<\/div>\n<\/article><article class=\"eltdf-cl-item eltdf-item-space post-4249 course type-course status-publish has-post-thumbnail hentry course-category-scuola-alberghiera\"  data-name=natakar data-date=>\n\t<div class=\"eltdf-cl-item-inner\">\n\t\t<div class=\"eltdf-cli-image\">\n\t\t\t<img loading=\"lazy\" decoding=\"async\" width=\"1000\" height=\"696\" src=\"https:\/\/www.adformandum.org\/wp-content\/uploads\/2019\/03\/corso-cameriere-1.jpg\" class=\"attachment-full size-full wp-post-image\" alt=\"\" srcset=\"https:\/\/www.adformandum.org\/wp-content\/uploads\/2019\/03\/corso-cameriere-1.jpg 1000w, https:\/\/www.adformandum.org\/wp-content\/uploads\/2019\/03\/corso-cameriere-1-300x209.jpg 300w, https:\/\/www.adformandum.org\/wp-content\/uploads\/2019\/03\/corso-cameriere-1-768x535.jpg 768w\" sizes=\"(max-width: 1000px) 100vw, 1000px\" \/>\t    <\/div>\n<div class=\"eltdf-cli-text-holder\">\n\t<div class=\"eltdf-cli-text-wrapper\">\n\t\t<div class=\"eltdf-cli-text\">\n\t\t\t<div class=\"eltdf-cli-top-info\">\n\t\t\t\t\t<h4 itemprop=\"name\" class=\"eltdf-cli-title entry-title\" >\n\t<a itemprop=\"url\" href=\"https:\/\/www.adformandum.org\/si\/corsi\/operatore-della-ristorazione-cameriere-sala-bar\/\" target=\"_self\">\n\t\tNatakar\t<\/a>\n\t<\/h4>\n\t\t\t\t\n\t\t\t\t\t\t\t\n\t\t\t<\/div>\n\t\t\t\t<p itemprop=\"description\" class=\"eltdf-cli-excerpt\">Triletni te\u010daj za mlade od 14. do 18. leta; diploma poklicn<\/p>\n\t\t\t<div class=\"eltdf-cli-bottom-info\">\n\t\t\t\t\n                <div class=\"eltdf-course-ratings\">\n\t<span class=\"icon dripicons-star\"><\/span>\n\t<span class=\"eltdf-course-rating-label\">\n\t\t0\t\tRatings\t<\/span>\n<\/div>\t\t\t\t\n\t\t\t\t\n                <div class=\"eltdf-ci-price-holder\">\n\t\t\t<span class=\"eltdf-ci-price-free\">\n        Brezpla\u010dno      <\/span>\n\t<\/div>\n\t\t\t<\/div>\n\t\t<\/div>\n\t<\/div>\n<\/div>\t\t<a itemprop=\"url\" class=\"eltdf-cli-link eltdf-block-drag-link\" href=\"https:\/\/www.adformandum.org\/si\/corsi\/operatore-della-ristorazione-cameriere-sala-bar\/\"><\/a>\n\t<\/div>\n<\/article><article class=\"eltdf-cl-item eltdf-item-space post-4239 course type-course status-publish has-post-thumbnail hentry course-category-scuola-alberghiera\"  data-name=kuhar data-date=>\n\t<div class=\"eltdf-cl-item-inner\">\n\t\t<div class=\"eltdf-cli-image\">\n\t\t\t<img loading=\"lazy\" decoding=\"async\" width=\"1000\" height=\"696\" src=\"https:\/\/www.adformandum.org\/wp-content\/uploads\/2019\/03\/corso-cuoco.jpg\" class=\"attachment-full size-full wp-post-image\" alt=\"\" srcset=\"https:\/\/www.adformandum.org\/wp-content\/uploads\/2019\/03\/corso-cuoco.jpg 1000w, https:\/\/www.adformandum.org\/wp-content\/uploads\/2019\/03\/corso-cuoco-300x209.jpg 300w, https:\/\/www.adformandum.org\/wp-content\/uploads\/2019\/03\/corso-cuoco-768x535.jpg 768w\" sizes=\"(max-width: 1000px) 100vw, 1000px\" \/>\t    <\/div>\n<div class=\"eltdf-cli-text-holder\">\n\t<div class=\"eltdf-cli-text-wrapper\">\n\t\t<div class=\"eltdf-cli-text\">\n\t\t\t<div class=\"eltdf-cli-top-info\">\n\t\t\t\t\t<h4 itemprop=\"name\" class=\"eltdf-cli-title entry-title\" >\n\t<a itemprop=\"url\" href=\"https:\/\/www.adformandum.org\/si\/corsi\/operatore-della-ristorazione-cuoco\/\" target=\"_self\">\n\t\tKuhar\t<\/a>\n\t<\/h4>\n\t\t\t\t\n\t\t\t\t\t\t\t\n\t\t\t<\/div>\n\t\t\t\t<p itemprop=\"description\" class=\"eltdf-cli-excerpt\">Triletni te\u010daj za mlade od 14. do 18. leta; diploma poklicn<\/p>\n\t\t\t<div class=\"eltdf-cli-bottom-info\">\n\t\t\t\t\n                <div class=\"eltdf-course-ratings\">\n\t<span class=\"icon dripicons-star\"><\/span>\n\t<span class=\"eltdf-course-rating-label\">\n\t\t0\t\tRatings\t<\/span>\n<\/div>\t\t\t\t\n\t\t\t\t\n                <div class=\"eltdf-ci-price-holder\">\n\t\t\t<span class=\"eltdf-ci-price-free\">\n        Brezpla\u010dno      <\/span>\n\t<\/div>\n\t\t\t<\/div>\n\t\t<\/div>\n\t<\/div>\n<\/div>\t\t<a itemprop=\"url\" class=\"eltdf-cli-link eltdf-block-drag-link\" href=\"https:\/\/www.adformandum.org\/si\/corsi\/operatore-della-ristorazione-cuoco\/\"><\/a>\n\t<\/div>\n<\/article><article class=\"eltdf-cl-item eltdf-item-space post-20466 course type-course status-publish has-post-thumbnail hentry course-category-scuola-alberghiera\"  data-name=tehnik-sla\u0161\u010di\u010darstva-in-pekovskih-izdelkov data-date=>\n\t<div class=\"eltdf-cl-item-inner\">\n\t\t<div class=\"eltdf-cli-image\">\n\t\t\t<img loading=\"lazy\" decoding=\"async\" width=\"1000\" height=\"696\" src=\"https:\/\/www.adformandum.org\/wp-content\/uploads\/2026\/02\/tecnico-adf.jpg\" class=\"attachment-full size-full wp-post-image\" alt=\"\" srcset=\"https:\/\/www.adformandum.org\/wp-content\/uploads\/2026\/02\/tecnico-adf.jpg 1000w, https:\/\/www.adformandum.org\/wp-content\/uploads\/2026\/02\/tecnico-adf-300x209.jpg 300w, https:\/\/www.adformandum.org\/wp-content\/uploads\/2026\/02\/tecnico-adf-768x535.jpg 768w\" sizes=\"(max-width: 1000px) 100vw, 1000px\" \/>\t    <\/div>\n<div class=\"eltdf-cli-text-holder\">\n\t<div class=\"eltdf-cli-text-wrapper\">\n\t\t<div class=\"eltdf-cli-text\">\n\t\t\t<div class=\"eltdf-cli-top-info\">\n\t\t\t\t\t<h4 itemprop=\"name\" class=\"eltdf-cli-title entry-title\" >\n\t<a itemprop=\"url\" href=\"https:\/\/www.adformandum.org\/si\/corsi\/tecnico-della-produzione-di-pasticceria-e-prodotti-da-forno\/\" target=\"_self\">\n\t\tTehnik sla\u0161\u010di\u010darstva in pekovskih izdelkov\t<\/a>\n\t<\/h4>\n\t\t\t\t\n\t\t\t\t\t\t\t\n\t\t\t<\/div>\n\t\t\t\t<p itemprop=\"description\" class=\"eltdf-cli-excerpt\">Triletni te\u010daj za mlade od 14. do 18. leta; diploma poklicn<\/p>\n\t\t\t<div class=\"eltdf-cli-bottom-info\">\n\t\t\t\t\n                <div class=\"eltdf-course-ratings\">\n\t<span class=\"icon dripicons-star\"><\/span>\n\t<span class=\"eltdf-course-rating-label\">\n\t\t0\t\tRatings\t<\/span>\n<\/div>\t\t\t\t\n\t\t\t\t\n                <div class=\"eltdf-ci-price-holder\">\n\t\t\t<span class=\"eltdf-ci-price-free\">\n        Brezpla\u010dno      <\/span>\n\t<\/div>\n\t\t\t<\/div>\n\t\t<\/div>\n\t<\/div>\n<\/div>\t\t<a itemprop=\"url\" class=\"eltdf-cli-link eltdf-block-drag-link\" href=\"https:\/\/www.adformandum.org\/si\/corsi\/tecnico-della-produzione-di-pasticceria-e-prodotti-da-forno\/\"><\/a>\n\t<\/div>\n<\/article><article class=\"eltdf-cl-item eltdf-item-space post-20471 course type-course status-publish has-post-thumbnail hentry course-category-scuola-alberghiera\"  data-name=tehnik-predelave-mesnin-in-mle\u010dnih-izdelkov data-date=>\n\t<div class=\"eltdf-cl-item-inner\">\n\t\t<div class=\"eltdf-cli-image\">\n\t\t\t<img loading=\"lazy\" decoding=\"async\" width=\"1000\" height=\"696\" src=\"https:\/\/www.adformandum.org\/wp-content\/uploads\/2026\/02\/tecnico-adf.png\" class=\"attachment-full size-full wp-post-image\" alt=\"\" srcset=\"https:\/\/www.adformandum.org\/wp-content\/uploads\/2026\/02\/tecnico-adf.png 1000w, https:\/\/www.adformandum.org\/wp-content\/uploads\/2026\/02\/tecnico-adf-300x209.png 300w, https:\/\/www.adformandum.org\/wp-content\/uploads\/2026\/02\/tecnico-adf-768x535.png 768w\" sizes=\"(max-width: 1000px) 100vw, 1000px\" \/>\t    <\/div>\n<div class=\"eltdf-cli-text-holder\">\n\t<div class=\"eltdf-cli-text-wrapper\">\n\t\t<div class=\"eltdf-cli-text\">\n\t\t\t<div class=\"eltdf-cli-top-info\">\n\t\t\t\t\t<h4 itemprop=\"name\" class=\"eltdf-cli-title entry-title\" >\n\t<a itemprop=\"url\" href=\"https:\/\/www.adformandum.org\/si\/corsi\/tecnico-delle-produzioni-norcino-casearie\/\" target=\"_self\">\n\t\tTehnik predelave mesnin in mle\u010dnih izdelkov\t<\/a>\n\t<\/h4>\n\t\t\t\t\n\t\t\t\t\t\t\t\n\t\t\t<\/div>\n\t\t\t\t<p itemprop=\"description\" class=\"eltdf-cli-excerpt\">Triletni te\u010daj za mlade od 14. do 18. leta; diploma poklicn<\/p>\n\t\t\t<div class=\"eltdf-cli-bottom-info\">\n\t\t\t\t\n                <div class=\"eltdf-course-ratings\">\n\t<span class=\"icon dripicons-star\"><\/span>\n\t<span class=\"eltdf-course-rating-label\">\n\t\t0\t\tRatings\t<\/span>\n<\/div>\t\t\t\t\n\t\t\t\t\n                <div class=\"eltdf-ci-price-holder\">\n\t\t\t<span class=\"eltdf-ci-price-free\">\n        Brezpla\u010dno      <\/span>\n\t<\/div>\n\t\t\t<\/div>\n\t\t<\/div>\n\t<\/div>\n<\/div>\t\t<a itemprop=\"url\" class=\"eltdf-cli-link eltdf-block-drag-link\" href=\"https:\/\/www.adformandum.org\/si\/corsi\/tecnico-delle-produzioni-norcino-casearie\/\"><\/a>\n\t<\/div>\n<\/article>\t<\/div>\n\t\n\t<\/div><\/div>[\/vc_column][\/vc_row][vc_row disable_element=&#8221;yes&#8221; row_content_width=&#8221;grid&#8221; css=&#8221;.vc_custom_1761573550265{padding-top: 70px !important;padding-bottom: 70px !important;}&#8221; simple_background_color=&#8221;#f7f7f7&#8243;][vc_column][vc_column_text css=&#8221;.vc_custom_1562667145720{padding-bottom: 30px !important;}&#8221;]<\/p>\n<h3 style=\"text-align: center;\">NA\u0160I TE\u010cAJI ZA TVOJO PRIHODNOST<\/h3>\n<p>[\/vc_column_text]<div class=\"eltdf-course-list-holder eltdf-grid-list eltdf-disable-bottom-space clearfix eltdf-cl-gallery eltdf-three-columns eltdf-large-space eltdf-cl-standard eltdf-cl-pag-no-pagination      \"  data-number-of-columns=three data-space-between-items=large data-number-of-items=3 data-enable-image=yes data-image-proportions=full data-category=scuola-alberghiera data-orderby=date data-order=ASC data-item-layout=standard data-enable-title=yes data-title-tag=h4 data-enable-instructor=no data-enable-price=yes data-enable-excerpt=yes data-excerpt-length=200 data-enable-students=no data-enable-category=no data-category-boxed=yes data-enable-ratings=no data-pagination-type=no-pagination data-filter=no data-filter-order-by=name data-enable-article-animation=no data-course-slider-on=no data-enable-loop=yes data-enable-autoplay=yes data-slider-speed=5000 data-slider-speed-animation=600 data-enable-navigation=yes data-enable-pagination=yes data-widget=no data-filter-center=no data-max-num-pages=2 data-next-page=2>\n\t\t\t<div class=\"eltdf-cl-inner eltdf-outer-space \">\n\t\t<article class=\"eltdf-cl-item eltdf-item-space post-5105 course type-course status-publish has-post-thumbnail hentry course-category-scuola-alberghiera\"  data-name=pek,-sla\u0161\u010di\u010dar-in-sladoledar data-date=>\n\t<div class=\"eltdf-cl-item-inner\">\n\t\t<div class=\"eltdf-cli-image\">\n\t\t\t<img loading=\"lazy\" decoding=\"async\" width=\"1000\" height=\"696\" src=\"https:\/\/www.adformandum.org\/wp-content\/uploads\/2019\/06\/corso-pasticceria.jpg\" class=\"attachment-full size-full wp-post-image\" alt=\"\" srcset=\"https:\/\/www.adformandum.org\/wp-content\/uploads\/2019\/06\/corso-pasticceria.jpg 1000w, https:\/\/www.adformandum.org\/wp-content\/uploads\/2019\/06\/corso-pasticceria-300x209.jpg 300w, https:\/\/www.adformandum.org\/wp-content\/uploads\/2019\/06\/corso-pasticceria-768x535.jpg 768w\" sizes=\"(max-width: 1000px) 100vw, 1000px\" \/>\t    <\/div>\n<div class=\"eltdf-cli-text-holder\">\n\t<div class=\"eltdf-cli-text-wrapper\">\n\t\t<div class=\"eltdf-cli-text\">\n\t\t\t<div class=\"eltdf-cli-top-info\">\n\t\t\t\t\t<h4 itemprop=\"name\" class=\"eltdf-cli-title entry-title\" >\n\t<a itemprop=\"url\" href=\"https:\/\/www.adformandum.org\/si\/corsi\/operatore-pasticceria-panetteria-gelateria\/\" target=\"_self\">\n\t\tPek, sla\u0161\u010di\u010dar in sladoledar\t<\/a>\n\t<\/h4>\n\t\t\t\t\n\t\t\t\t\t\t\t\n\t\t\t<\/div>\n\t\t\t\t<p itemprop=\"description\" class=\"eltdf-cli-excerpt\">Peka kruha, priprava slanega in sladkega peciva, priprava tort, cake design.<\/p>\n\t\t\t<div class=\"eltdf-cli-bottom-info\">\n\t\t\t\t\n                \t\t\t\t\n\t\t\t\t\n                <div class=\"eltdf-ci-price-holder\">\n\t\t\t<span class=\"eltdf-ci-price-free\">\n        Brezpla\u010dno      <\/span>\n\t<\/div>\n\t\t\t<\/div>\n\t\t<\/div>\n\t<\/div>\n<\/div>\t\t<a itemprop=\"url\" class=\"eltdf-cli-link eltdf-block-drag-link\" href=\"https:\/\/www.adformandum.org\/si\/corsi\/operatore-pasticceria-panetteria-gelateria\/\"><\/a>\n\t<\/div>\n<\/article><article class=\"eltdf-cl-item eltdf-item-space post-4249 course type-course status-publish has-post-thumbnail hentry course-category-scuola-alberghiera\"  data-name=natakar data-date=>\n\t<div class=\"eltdf-cl-item-inner\">\n\t\t<div class=\"eltdf-cli-image\">\n\t\t\t<img loading=\"lazy\" decoding=\"async\" width=\"1000\" height=\"696\" src=\"https:\/\/www.adformandum.org\/wp-content\/uploads\/2019\/03\/corso-cameriere-1.jpg\" class=\"attachment-full size-full wp-post-image\" alt=\"\" srcset=\"https:\/\/www.adformandum.org\/wp-content\/uploads\/2019\/03\/corso-cameriere-1.jpg 1000w, https:\/\/www.adformandum.org\/wp-content\/uploads\/2019\/03\/corso-cameriere-1-300x209.jpg 300w, https:\/\/www.adformandum.org\/wp-content\/uploads\/2019\/03\/corso-cameriere-1-768x535.jpg 768w\" sizes=\"(max-width: 1000px) 100vw, 1000px\" \/>\t    <\/div>\n<div class=\"eltdf-cli-text-holder\">\n\t<div class=\"eltdf-cli-text-wrapper\">\n\t\t<div class=\"eltdf-cli-text\">\n\t\t\t<div class=\"eltdf-cli-top-info\">\n\t\t\t\t\t<h4 itemprop=\"name\" class=\"eltdf-cli-title entry-title\" >\n\t<a itemprop=\"url\" href=\"https:\/\/www.adformandum.org\/si\/corsi\/operatore-della-ristorazione-cameriere-sala-bar\/\" target=\"_self\">\n\t\tNatakar\t<\/a>\n\t<\/h4>\n\t\t\t\t\n\t\t\t\t\t\t\t\n\t\t\t<\/div>\n\t\t\t\t<p itemprop=\"description\" class=\"eltdf-cli-excerpt\">Triletni te\u010daj za mlade od 14. do 18. leta; diploma poklicne kvalifikacije tretje evropske stopnje.<\/p>\n\t\t\t<div class=\"eltdf-cli-bottom-info\">\n\t\t\t\t\n                \t\t\t\t\n\t\t\t\t\n                <div class=\"eltdf-ci-price-holder\">\n\t\t\t<span class=\"eltdf-ci-price-free\">\n        Brezpla\u010dno      <\/span>\n\t<\/div>\n\t\t\t<\/div>\n\t\t<\/div>\n\t<\/div>\n<\/div>\t\t<a itemprop=\"url\" class=\"eltdf-cli-link eltdf-block-drag-link\" href=\"https:\/\/www.adformandum.org\/si\/corsi\/operatore-della-ristorazione-cameriere-sala-bar\/\"><\/a>\n\t<\/div>\n<\/article><article class=\"eltdf-cl-item eltdf-item-space post-4239 course type-course status-publish has-post-thumbnail hentry course-category-scuola-alberghiera\"  data-name=kuhar data-date=>\n\t<div class=\"eltdf-cl-item-inner\">\n\t\t<div class=\"eltdf-cli-image\">\n\t\t\t<img loading=\"lazy\" decoding=\"async\" width=\"1000\" height=\"696\" src=\"https:\/\/www.adformandum.org\/wp-content\/uploads\/2019\/03\/corso-cuoco.jpg\" class=\"attachment-full size-full wp-post-image\" alt=\"\" srcset=\"https:\/\/www.adformandum.org\/wp-content\/uploads\/2019\/03\/corso-cuoco.jpg 1000w, https:\/\/www.adformandum.org\/wp-content\/uploads\/2019\/03\/corso-cuoco-300x209.jpg 300w, https:\/\/www.adformandum.org\/wp-content\/uploads\/2019\/03\/corso-cuoco-768x535.jpg 768w\" sizes=\"(max-width: 1000px) 100vw, 1000px\" \/>\t    <\/div>\n<div class=\"eltdf-cli-text-holder\">\n\t<div class=\"eltdf-cli-text-wrapper\">\n\t\t<div class=\"eltdf-cli-text\">\n\t\t\t<div class=\"eltdf-cli-top-info\">\n\t\t\t\t\t<h4 itemprop=\"name\" class=\"eltdf-cli-title entry-title\" >\n\t<a itemprop=\"url\" href=\"https:\/\/www.adformandum.org\/si\/corsi\/operatore-della-ristorazione-cuoco\/\" target=\"_self\">\n\t\tKuhar\t<\/a>\n\t<\/h4>\n\t\t\t\t\n\t\t\t\t\t\t\t\n\t\t\t<\/div>\n\t\t\t\t<p itemprop=\"description\" class=\"eltdf-cli-excerpt\">Triletni te\u010daj za mlade od 14. do 18. leta; diploma poklicne kvalifikacije tretje evropske stopnje.<\/p>\n\t\t\t<div class=\"eltdf-cli-bottom-info\">\n\t\t\t\t\n                \t\t\t\t\n\t\t\t\t\n                <div class=\"eltdf-ci-price-holder\">\n\t\t\t<span class=\"eltdf-ci-price-free\">\n        Brezpla\u010dno      <\/span>\n\t<\/div>\n\t\t\t<\/div>\n\t\t<\/div>\n\t<\/div>\n<\/div>\t\t<a itemprop=\"url\" class=\"eltdf-cli-link eltdf-block-drag-link\" href=\"https:\/\/www.adformandum.org\/si\/corsi\/operatore-della-ristorazione-cuoco\/\"><\/a>\n\t<\/div>\n<\/article>\t<\/div>\n\t\n\t<\/div>[\/vc_column][\/vc_row][vc_row gap=&#8221;35&#8243; disable_element=&#8221;yes&#8221; row_content_width=&#8221;grid&#8221; css=&#8221;.vc_custom_1761573553432{padding-top: 80px !important;padding-bottom: 80px !important;}&#8221; simple_background_color=&#8221;#ff5a00&#8243;][vc_column offset=&#8221;vc_col-lg-6 vc_col-md-12 vc_col-xs-12&#8243;][vc_column_text]<\/p>\n<h3 style=\"color: #fff;\">KAJ PA POTEM?<\/h3>\n<p><span style=\"color: #fff;\">Strokovna usposobljenost potrjuje poznavanje stroke s teoreti\u010dnega in prakti\u010dnega vidika in odpira vrata za vstop v svet dela v izbranem poklicu. S strokovno usposobljenostjo lahko nadaljuje\u0161 \u0161tudij na visoko\u0161olskih zavodih in pridobi\u0161 petletno diplomo.<br \/>\nDijaki, ki so zaklju\u010dili svoje usposabljanje in so za\u010deli svojo poklicno pot, imajo mo\u017enost, da se lahko zaposlijo v Italiji in po vsej Evropi, saj je diploma, ki jo prejmejo na na\u0161em zavodu, priznana tudi izven na\u0161e de\u017eele. <\/span>[\/vc_column_text][\/vc_column][vc_column offset=&#8221;vc_col-lg-6 vc_col-md-12 vc_col-xs-12&#8243;][vc_empty_space height=&#8221;20px&#8221;]<div class=\"eltdf-section-title-holder  eltdf-st-standard eltdf-st-title-left eltdf-st-normal-space \" >\n\t<div class=\"eltdf-st-inner\">\n\t\t\t\t\t<h3 class=\"eltdf-st-title\" style=\"color: #ffffff\">\n\t\t\t\t<span class=\"eltdf-st-title-bold\">Nalo\u017ei<\/span><br \/> predvpisno polo in izpolni zahtevana polja\t\t\t<\/h3>\n\t\t\t\t\t\t\t<\/div>\n<\/div>[vc_empty_space height=&#8221;10px&#8221;]<a itemprop=\"url\" href=\"https:\/\/www.adformandum.org\/wp-content\/uploads\/2023\/11\/Predvpisna_pola_2024_251.docx\" target=\"_blank\" style=\"color: #ffffff\" class=\"eltdf-btn eltdf-btn-medium eltdf-btn-simple eltdf-btn-custom-hover-color eltdf-btn-icon eltdf-btn-arrow\" data-hover-color=\"#ffffff\" >\n    <span class=\"eltdf-btn-text\">Predvpisna pola<\/span>\n    <span aria-hidden=\"true\" class=\"eltdf-icon-linear-icons lnr lnr-arrow-right \" ><\/span><\/a>[vc_empty_space height=&#8221;10px&#8221;]<a itemprop=\"url\" href=\"\/wp-content\/uploads\/2019\/07\/AdF_IeFP_brosura_slo.pdf\" target=\"_blank\" style=\"color: #ffffff\" class=\"eltdf-btn eltdf-btn-medium eltdf-btn-simple eltdf-btn-custom-hover-color eltdf-btn-icon eltdf-btn-arrow\" data-hover-color=\"#ffffff\" >\n    <span class=\"eltdf-btn-text\">Predstavitev Gostinske \u0161ole<\/span>\n    <span aria-hidden=\"true\" class=\"eltdf-icon-linear-icons lnr lnr-arrow-right \" ><\/span><\/a>[vc_empty_space height=&#8221;10px&#8221;][\/vc_column][\/vc_row]<\/p>\n","protected":false},"excerpt":{"rendered":"<p>[vc_row row_content_width=&#8221;grid&#8221; content_text_aligment=&#8221;center&#8221; simple_background_color=&#8221;#f7f7f7&#8243; css=&#8221;.vc_custom_1554289506369{margin-bottom: 50px !important;}&#8221;][vc_column offset=&#8221;vc_hidden-md vc_hidden-sm vc_hidden-xs&#8221;][vc_row_inner css=&#8221;.vc_custom_1554723760451{padding-top: 50px !important;padding-bottom: 50px !important;}&#8221; el_id=&#8221;box-numeri&#8221;][vc_column_inner width=&#8221;1\/4&#8243; css=&#8221;.vc_custom_1552908763509{padding-right: 10% !important;padding-bottom: 20px !important;padding-left: 10% !important;}&#8221;][vc_column_text] Priznan poklic [\/vc_column_text][\/vc_column_inner][vc_column_inner width=&#8221;1\/4&#8243; css=&#8221;.vc_custom_1552908768508{padding-right: 10% !important;padding-bottom: 20px !important;padding-left: 10% !important;}&#8221;][vc_column_text] Osebna rast [\/vc_column_text][\/vc_column_inner][vc_column_inner width=&#8221;1\/4&#8243; css=&#8221;.vc_custom_1552908773540{padding-right: 10% !important;padding-bottom: 20px !important;padding-left: 10% !important;}&#8221;][vc_column_text] Slu\u017eba, a tudi zabava [\/vc_column_text][\/vc_column_inner][vc_column_inner width=&#8221;1\/4&#8243; css=&#8221;.vc_custom_1552908779491{padding-right: 10% !important;padding-bottom: 20px [&hellip;]<\/p>\n","protected":false},"author":1,"featured_media":0,"parent":0,"menu_order":0,"comment_status":"closed","ping_status":"closed","template":"full-width.php","meta":{"_mi_skip_tracking":false,"_monsterinsights_sitenote_active":false,"_monsterinsights_sitenote_note":"","_monsterinsights_sitenote_category":0,"footnotes":""},"yoast_head":"<!-- This site is optimized with the Yoast SEO plugin v21.5 - https:\/\/yoast.com\/wordpress\/plugins\/seo\/ -->\n<title>Gostinska \u0160ola - AD Formandum<\/title>\n<meta name=\"robots\" content=\"index, follow, max-snippet:-1, max-image-preview:large, max-video-preview:-1\" \/>\n<link rel=\"canonical\" href=\"https:\/\/www.adformandum.org\/istruzione-e-formazione-professionale-iefp\/\" \/>\n<meta property=\"og:locale\" content=\"sl_SI\" \/>\n<meta property=\"og:type\" content=\"article\" \/>\n<meta property=\"og:title\" content=\"Gostinska \u0160ola - AD Formandum\" \/>\n<meta property=\"og:description\" content=\"[vc_row row_content_width=&#8221;grid&#8221; content_text_aligment=&#8221;center&#8221; simple_background_color=&#8221;#f7f7f7&#8243; css=&#8221;.vc_custom_1554289506369{margin-bottom: 50px !important;}&#8221;][vc_column offset=&#8221;vc_hidden-md vc_hidden-sm vc_hidden-xs&#8221;][vc_row_inner css=&#8221;.vc_custom_1554723760451{padding-top: 50px !important;padding-bottom: 50px !important;}&#8221; el_id=&#8221;box-numeri&#8221;][vc_column_inner width=&#8221;1\/4&#8243; css=&#8221;.vc_custom_1552908763509{padding-right: 10% !important;padding-bottom: 20px !important;padding-left: 10% !important;}&#8221;][vc_column_text] Priznan poklic [\/vc_column_text][\/vc_column_inner][vc_column_inner width=&#8221;1\/4&#8243; css=&#8221;.vc_custom_1552908768508{padding-right: 10% !important;padding-bottom: 20px !important;padding-left: 10% !important;}&#8221;][vc_column_text] Osebna rast [\/vc_column_text][\/vc_column_inner][vc_column_inner width=&#8221;1\/4&#8243; css=&#8221;.vc_custom_1552908773540{padding-right: 10% !important;padding-bottom: 20px !important;padding-left: 10% !important;}&#8221;][vc_column_text] Slu\u017eba, a tudi zabava [\/vc_column_text][\/vc_column_inner][vc_column_inner width=&#8221;1\/4&#8243; css=&#8221;.vc_custom_1552908779491{padding-right: 10% !important;padding-bottom: 20px [&hellip;]\" \/>\n<meta property=\"og:url\" content=\"https:\/\/www.adformandum.org\/istruzione-e-formazione-professionale-iefp\/\" \/>\n<meta property=\"og:site_name\" content=\"AD Formandum\" \/>\n<meta property=\"article:publisher\" content=\"https:\/\/www.facebook.com\/adformandum\/\" \/>\n<meta property=\"article:modified_time\" content=\"2025-10-27T14:03:49+00:00\" \/>\n<meta name=\"twitter:card\" content=\"summary_large_image\" \/>\n<meta name=\"twitter:site\" content=\"@AdFormandum\" \/>\n<meta name=\"twitter:label1\" content=\"Est. reading time\" \/>\n\t<meta name=\"twitter:data1\" content=\"4 minute\" \/>\n<script type=\"application\/ld+json\" class=\"yoast-schema-graph\">{\"@context\":\"https:\/\/schema.org\",\"@graph\":[{\"@type\":\"WebPage\",\"@id\":\"https:\/\/www.adformandum.org\/istruzione-e-formazione-professionale-iefp\/\",\"url\":\"https:\/\/www.adformandum.org\/istruzione-e-formazione-professionale-iefp\/\",\"name\":\"Gostinska \u0160ola - AD Formandum\",\"isPartOf\":{\"@id\":\"https:\/\/www.adformandum.org\/#website\"},\"datePublished\":\"2019-06-27T09:53:00+00:00\",\"dateModified\":\"2025-10-27T14:03:49+00:00\",\"breadcrumb\":{\"@id\":\"https:\/\/www.adformandum.org\/istruzione-e-formazione-professionale-iefp\/#breadcrumb\"},\"inLanguage\":\"sl-SI\",\"potentialAction\":[{\"@type\":\"ReadAction\",\"target\":[\"https:\/\/www.adformandum.org\/istruzione-e-formazione-professionale-iefp\/\"]}]},{\"@type\":\"BreadcrumbList\",\"@id\":\"https:\/\/www.adformandum.org\/istruzione-e-formazione-professionale-iefp\/#breadcrumb\",\"itemListElement\":[{\"@type\":\"ListItem\",\"position\":1,\"name\":\"Home\",\"item\":\"https:\/\/www.adformandum.org\/\"},{\"@type\":\"ListItem\",\"position\":2,\"name\":\"Scuola Alberghiera\"}]},{\"@type\":\"WebSite\",\"@id\":\"https:\/\/www.adformandum.org\/#website\",\"url\":\"https:\/\/www.adformandum.org\/\",\"name\":\"AD Formandum\",\"description\":\"impresa sociale - socialno podjetje\",\"publisher\":{\"@id\":\"https:\/\/www.adformandum.org\/#organization\"},\"potentialAction\":[{\"@type\":\"SearchAction\",\"target\":{\"@type\":\"EntryPoint\",\"urlTemplate\":\"https:\/\/www.adformandum.org\/?s={search_term_string}\"},\"query-input\":\"required name=search_term_string\"}],\"inLanguage\":\"sl-SI\"},{\"@type\":\"Organization\",\"@id\":\"https:\/\/www.adformandum.org\/#organization\",\"name\":\"AD Formandum\",\"url\":\"https:\/\/www.adformandum.org\/\",\"logo\":{\"@type\":\"ImageObject\",\"inLanguage\":\"sl-SI\",\"@id\":\"https:\/\/www.adformandum.org\/#\/schema\/logo\/image\/\",\"url\":\"https:\/\/www.adformandum.org\/wp-content\/uploads\/2019\/06\/logo-new.png\",\"contentUrl\":\"https:\/\/www.adformandum.org\/wp-content\/uploads\/2019\/06\/logo-new.png\",\"width\":330,\"height\":65,\"caption\":\"AD Formandum\"},\"image\":{\"@id\":\"https:\/\/www.adformandum.org\/#\/schema\/logo\/image\/\"},\"sameAs\":[\"https:\/\/www.facebook.com\/adformandum\/\",\"https:\/\/twitter.com\/AdFormandum\",\"https:\/\/www.linkedin.com\/company\/ad-formandum\"]}]}<\/script>\n<!-- \/ Yoast SEO plugin. -->","yoast_head_json":{"title":"Gostinska \u0160ola - AD Formandum","robots":{"index":"index","follow":"follow","max-snippet":"max-snippet:-1","max-image-preview":"max-image-preview:large","max-video-preview":"max-video-preview:-1"},"canonical":"https:\/\/www.adformandum.org\/istruzione-e-formazione-professionale-iefp\/","og_locale":"sl_SI","og_type":"article","og_title":"Gostinska \u0160ola - AD Formandum","og_description":"[vc_row row_content_width=&#8221;grid&#8221; content_text_aligment=&#8221;center&#8221; simple_background_color=&#8221;#f7f7f7&#8243; css=&#8221;.vc_custom_1554289506369{margin-bottom: 50px !important;}&#8221;][vc_column offset=&#8221;vc_hidden-md vc_hidden-sm vc_hidden-xs&#8221;][vc_row_inner css=&#8221;.vc_custom_1554723760451{padding-top: 50px !important;padding-bottom: 50px !important;}&#8221; el_id=&#8221;box-numeri&#8221;][vc_column_inner width=&#8221;1\/4&#8243; css=&#8221;.vc_custom_1552908763509{padding-right: 10% !important;padding-bottom: 20px !important;padding-left: 10% !important;}&#8221;][vc_column_text] Priznan poklic [\/vc_column_text][\/vc_column_inner][vc_column_inner width=&#8221;1\/4&#8243; css=&#8221;.vc_custom_1552908768508{padding-right: 10% !important;padding-bottom: 20px !important;padding-left: 10% !important;}&#8221;][vc_column_text] Osebna rast [\/vc_column_text][\/vc_column_inner][vc_column_inner width=&#8221;1\/4&#8243; css=&#8221;.vc_custom_1552908773540{padding-right: 10% !important;padding-bottom: 20px !important;padding-left: 10% !important;}&#8221;][vc_column_text] Slu\u017eba, a tudi zabava [\/vc_column_text][\/vc_column_inner][vc_column_inner width=&#8221;1\/4&#8243; css=&#8221;.vc_custom_1552908779491{padding-right: 10% !important;padding-bottom: 20px [&hellip;]","og_url":"https:\/\/www.adformandum.org\/istruzione-e-formazione-professionale-iefp\/","og_site_name":"AD Formandum","article_publisher":"https:\/\/www.facebook.com\/adformandum\/","article_modified_time":"2025-10-27T14:03:49+00:00","twitter_card":"summary_large_image","twitter_site":"@AdFormandum","twitter_misc":{"Est. reading time":"4 minute"},"schema":{"@context":"https:\/\/schema.org","@graph":[{"@type":"WebPage","@id":"https:\/\/www.adformandum.org\/istruzione-e-formazione-professionale-iefp\/","url":"https:\/\/www.adformandum.org\/istruzione-e-formazione-professionale-iefp\/","name":"Gostinska \u0160ola - AD Formandum","isPartOf":{"@id":"https:\/\/www.adformandum.org\/#website"},"datePublished":"2019-06-27T09:53:00+00:00","dateModified":"2025-10-27T14:03:49+00:00","breadcrumb":{"@id":"https:\/\/www.adformandum.org\/istruzione-e-formazione-professionale-iefp\/#breadcrumb"},"inLanguage":"sl-SI","potentialAction":[{"@type":"ReadAction","target":["https:\/\/www.adformandum.org\/istruzione-e-formazione-professionale-iefp\/"]}]},{"@type":"BreadcrumbList","@id":"https:\/\/www.adformandum.org\/istruzione-e-formazione-professionale-iefp\/#breadcrumb","itemListElement":[{"@type":"ListItem","position":1,"name":"Home","item":"https:\/\/www.adformandum.org\/"},{"@type":"ListItem","position":2,"name":"Scuola Alberghiera"}]},{"@type":"WebSite","@id":"https:\/\/www.adformandum.org\/#website","url":"https:\/\/www.adformandum.org\/","name":"AD Formandum","description":"impresa sociale - socialno podjetje","publisher":{"@id":"https:\/\/www.adformandum.org\/#organization"},"potentialAction":[{"@type":"SearchAction","target":{"@type":"EntryPoint","urlTemplate":"https:\/\/www.adformandum.org\/?s={search_term_string}"},"query-input":"required name=search_term_string"}],"inLanguage":"sl-SI"},{"@type":"Organization","@id":"https:\/\/www.adformandum.org\/#organization","name":"AD Formandum","url":"https:\/\/www.adformandum.org\/","logo":{"@type":"ImageObject","inLanguage":"sl-SI","@id":"https:\/\/www.adformandum.org\/#\/schema\/logo\/image\/","url":"https:\/\/www.adformandum.org\/wp-content\/uploads\/2019\/06\/logo-new.png","contentUrl":"https:\/\/www.adformandum.org\/wp-content\/uploads\/2019\/06\/logo-new.png","width":330,"height":65,"caption":"AD Formandum"},"image":{"@id":"https:\/\/www.adformandum.org\/#\/schema\/logo\/image\/"},"sameAs":["https:\/\/www.facebook.com\/adformandum\/","https:\/\/twitter.com\/AdFormandum","https:\/\/www.linkedin.com\/company\/ad-formandum"]}]}},"_links":{"self":[{"href":"https:\/\/www.adformandum.org\/si\/wp-json\/wp\/v2\/pages\/5191"}],"collection":[{"href":"https:\/\/www.adformandum.org\/si\/wp-json\/wp\/v2\/pages"}],"about":[{"href":"https:\/\/www.adformandum.org\/si\/wp-json\/wp\/v2\/types\/page"}],"author":[{"embeddable":true,"href":"https:\/\/www.adformandum.org\/si\/wp-json\/wp\/v2\/users\/1"}],"replies":[{"embeddable":true,"href":"https:\/\/www.adformandum.org\/si\/wp-json\/wp\/v2\/comments?post=5191"}],"version-history":[{"count":101,"href":"https:\/\/www.adformandum.org\/si\/wp-json\/wp\/v2\/pages\/5191\/revisions"}],"predecessor-version":[{"id":20433,"href":"https:\/\/www.adformandum.org\/si\/wp-json\/wp\/v2\/pages\/5191\/revisions\/20433"}],"wp:attachment":[{"href":"https:\/\/www.adformandum.org\/si\/wp-json\/wp\/v2\/media?parent=5191"}],"curies":[{"name":"wp","href":"https:\/\/api.w.org\/{rel}","templated":true}]}}